{"id":2836,"date":"2022-10-17T19:07:39","date_gmt":"2022-10-17T19:07:39","guid":{"rendered":"https:\/\/variace.kviff.com\/?page_id=2836"},"modified":"2022-10-17T20:09:41","modified_gmt":"2022-10-17T20:09:41","slug":"two-times-mozart-at-the-thermal-spring-colonnade-2022","status":"publish","type":"page","link":"https:\/\/variace.kviff.com\/en\/two-times-mozart-at-the-thermal-spring-colonnade-2022\/","title":{"rendered":"Two Times Mozart at the Thermal Spring Colonnade"},"content":{"rendered":"<div data-elementor-type=\"wp-page\" data-elementor-id=\"2836\" class=\"elementor elementor-2836\" data-elementor-post-type=\"page\">\n\t\t\t\t\t\t<section class=\"elementor-section elementor-top-section elementor-element elementor-element-0f5b2e3 elementor-section-full_width elementor-hidden-tablet elementor-hidden-mobile elementor-section-height-default elementor-section-height-default\" data-id=\"0f5b2e3\" data-element_type=\"section\" data-e-type=\"section\">\n\t\t\t\t\t\t<div class=\"elementor-container elementor-column-gap-no\">\n\t\t\t\t\t<div class=\"elementor-column elementor-col-100 elementor-top-column elementor-element elementor-element-fe034cc\" data-id=\"fe034cc\" data-element_type=\"column\" data-e-type=\"column\">\n\t\t\t<div class=\"elementor-widget-wrap elementor-element-populated\">\n\t\t\t\t\t\t<div class=\"elementor-element elementor-element-0a0297f elementor-widget elementor-widget-image\" data-id=\"0a0297f\" data-element_type=\"widget\" data-e-type=\"widget\" data-widget_type=\"image.default\">\n\t\t\t\t<div class=\"elementor-widget-container\">\n\t\t\t\t\t\t\t\t\t\t\t\t\t\t\t<img fetchpriority=\"high\" decoding=\"async\" width=\"1920\" height=\"750\" src=\"https:\/\/variace.kviff.com\/wp-content\/uploads\/2022\/10\/variace-kviff-fotky-detail-1920x750-koncert-ve-vridle.jpg\" class=\"attachment-full size-full wp-image-2329\" alt=\"\" srcset=\"https:\/\/variace.kviff.com\/wp-content\/uploads\/2022\/10\/variace-kviff-fotky-detail-1920x750-koncert-ve-vridle.jpg 1920w, https:\/\/variace.kviff.com\/wp-content\/uploads\/2022\/10\/variace-kviff-fotky-detail-1920x750-koncert-ve-vridle-300x117.jpg 300w, https:\/\/variace.kviff.com\/wp-content\/uploads\/2022\/10\/variace-kviff-fotky-detail-1920x750-koncert-ve-vridle-1024x400.jpg 1024w, https:\/\/variace.kviff.com\/wp-content\/uploads\/2022\/10\/variace-kviff-fotky-detail-1920x750-koncert-ve-vridle-768x300.jpg 768w, https:\/\/variace.kviff.com\/wp-content\/uploads\/2022\/10\/variace-kviff-fotky-detail-1920x750-koncert-ve-vridle-1536x600.jpg 1536w\" sizes=\"(max-width: 1920px) 100vw, 1920px\" \/>\t\t\t\t\t\t\t\t\t\t\t\t\t\t\t<\/div>\n\t\t\t\t<\/div>\n\t\t\t\t\t<\/div>\n\t\t<\/div>\n\t\t\t\t\t<\/div>\n\t\t<\/section>\n\t\t\t\t<section class=\"elementor-section elementor-top-section elementor-element elementor-element-bd8c347 elementor-section-full_width elementor-hidden-desktop elementor-section-height-default elementor-section-height-default\" data-id=\"bd8c347\" data-element_type=\"section\" data-e-type=\"section\">\n\t\t\t\t\t\t<div class=\"elementor-container elementor-column-gap-no\">\n\t\t\t\t\t<div class=\"elementor-column elementor-col-100 elementor-top-column elementor-element elementor-element-9bfccd1\" data-id=\"9bfccd1\" data-element_type=\"column\" data-e-type=\"column\">\n\t\t\t<div class=\"elementor-widget-wrap elementor-element-populated\">\n\t\t\t\t\t\t<div class=\"elementor-element elementor-element-7eb5f4b elementor-widget elementor-widget-image\" data-id=\"7eb5f4b\" data-element_type=\"widget\" data-e-type=\"widget\" data-widget_type=\"image.default\">\n\t\t\t\t<div class=\"elementor-widget-container\">\n\t\t\t\t\t\t\t\t\t\t\t\t\t\t\t<img decoding=\"async\" width=\"1920\" height=\"1080\" src=\"https:\/\/variace.kviff.com\/wp-content\/uploads\/2022\/10\/variace-kviff-fotky-detail-1920x1080-koncert-ve-vridle.jpg\" class=\"attachment-full size-full wp-image-2325\" alt=\"\" srcset=\"https:\/\/variace.kviff.com\/wp-content\/uploads\/2022\/10\/variace-kviff-fotky-detail-1920x1080-koncert-ve-vridle.jpg 1920w, https:\/\/variace.kviff.com\/wp-content\/uploads\/2022\/10\/variace-kviff-fotky-detail-1920x1080-koncert-ve-vridle-300x169.jpg 300w, https:\/\/variace.kviff.com\/wp-content\/uploads\/2022\/10\/variace-kviff-fotky-detail-1920x1080-koncert-ve-vridle-1024x576.jpg 1024w, https:\/\/variace.kviff.com\/wp-content\/uploads\/2022\/10\/variace-kviff-fotky-detail-1920x1080-koncert-ve-vridle-768x432.jpg 768w, https:\/\/variace.kviff.com\/wp-content\/uploads\/2022\/10\/variace-kviff-fotky-detail-1920x1080-koncert-ve-vridle-1536x864.jpg 1536w\" sizes=\"(max-width: 1920px) 100vw, 1920px\" \/>\t\t\t\t\t\t\t\t\t\t\t\t\t\t\t<\/div>\n\t\t\t\t<\/div>\n\t\t\t\t\t<\/div>\n\t\t<\/div>\n\t\t\t\t\t<\/div>\n\t\t<\/section>\n\t\t\t\t<section class=\"elementor-section elementor-top-section elementor-element elementor-element-7976097 elementor-section-boxed elementor-section-height-default elementor-section-height-default\" data-id=\"7976097\" data-element_type=\"section\" data-e-type=\"section\">\n\t\t\t\t\t\t<div class=\"elementor-container elementor-column-gap-default\">\n\t\t\t\t\t<div class=\"elementor-column elementor-col-100 elementor-top-column elementor-element elementor-element-c9f0559\" data-id=\"c9f0559\" data-element_type=\"column\" data-e-type=\"column\">\n\t\t\t<div class=\"elementor-widget-wrap elementor-element-populated\">\n\t\t\t\t\t\t<div class=\"elementor-element elementor-element-f237748 elementor-widget elementor-widget-text-editor\" data-id=\"f237748\" data-element_type=\"widget\" data-e-type=\"widget\" data-widget_type=\"text-editor.default\">\n\t\t\t\t<div class=\"elementor-widget-container\">\n\t\t\t\t\t\t\t\t\t<h1><span style=\"font-weight: 400;\">Two Times Mozart at the Thermal Spring Colonnade<\/span><\/h1>\t\t\t\t\t\t\t\t<\/div>\n\t\t\t\t<\/div>\n\t\t\t\t<div class=\"elementor-element elementor-element-c23792d elementor-widget elementor-widget-text-editor\" data-id=\"c23792d\" data-element_type=\"widget\" data-e-type=\"widget\" data-widget_type=\"text-editor.default\">\n\t\t\t\t<div class=\"elementor-widget-container\">\n\t\t\t\t\t\t\t\t\t<p><span style=\"font-weight: 400;\">Saturday, 12 November 2022 \/ 2 pm \/ Thermal Spring Colonnade \/ Admission free<br \/><\/span><\/p>\t\t\t\t\t\t\t\t<\/div>\n\t\t\t\t<\/div>\n\t\t\t\t\t<\/div>\n\t\t<\/div>\n\t\t\t\t\t<\/div>\n\t\t<\/section>\n\t\t\t\t<section class=\"elementor-section elementor-top-section elementor-element elementor-element-9829579 elementor-section-boxed elementor-section-height-default elementor-section-height-default\" data-id=\"9829579\" data-element_type=\"section\" data-e-type=\"section\">\n\t\t\t\t\t\t<div class=\"elementor-container elementor-column-gap-default\">\n\t\t\t\t\t<div class=\"elementor-column elementor-col-100 elementor-top-column elementor-element elementor-element-5eb0a7d\" data-id=\"5eb0a7d\" data-element_type=\"column\" data-e-type=\"column\">\n\t\t\t<div class=\"elementor-widget-wrap elementor-element-populated\">\n\t\t\t\t\t\t<div class=\"elementor-element elementor-element-eabbc5f elementor-widget elementor-widget-text-editor\" data-id=\"eabbc5f\" data-element_type=\"widget\" data-e-type=\"widget\" data-widget_type=\"text-editor.default\">\n\t\t\t\t<div class=\"elementor-widget-container\">\n\t\t\t\t\t\t\t\t\t<span class=\"h3-small\" style=\"font-weight: 400;\">A chamber orchestra made up of members of the Czech Philharmonic and the Karlovy Vary Symphony Orchestra performs two iconic works by Wolfgang Amadeus Mozart, featuring soloist Jan Fi\u0161er, concert master of the Czech Philharmonic. \n\n<\/span>\t\t\t\t\t\t\t\t<\/div>\n\t\t\t\t<\/div>\n\t\t\t\t\t<\/div>\n\t\t<\/div>\n\t\t\t\t\t<\/div>\n\t\t<\/section>\n\t\t\t\t<section class=\"elementor-section elementor-top-section elementor-element elementor-element-c1f38de elementor-section-boxed elementor-section-height-default elementor-section-height-default\" data-id=\"c1f38de\" data-element_type=\"section\" data-e-type=\"section\">\n\t\t\t\t\t\t<div class=\"elementor-container elementor-column-gap-default\">\n\t\t\t\t\t<div class=\"elementor-column elementor-col-100 elementor-top-column elementor-element elementor-element-d9b8fc5\" data-id=\"d9b8fc5\" data-element_type=\"column\" data-e-type=\"column\">\n\t\t\t<div class=\"elementor-widget-wrap elementor-element-populated\">\n\t\t\t\t\t\t<div class=\"elementor-element elementor-element-d5c13d0 elementor-widget elementor-widget-text-editor\" data-id=\"d5c13d0\" data-element_type=\"widget\" data-e-type=\"widget\" data-widget_type=\"text-editor.default\">\n\t\t\t\t<div class=\"elementor-widget-container\">\n\t\t\t\t\t\t\t\t\t<h6>Program:<\/h6>\n<h5>W. A. Mozart: Violin Concerto No. 1 in B Major, K 207,<br>W. A. Mozart: Symphony No. 29 in A Major, K 201<\/h5>\n<h6>Performed by:<br>\n<\/h6>\n<h5>A chamber orchestra composed of members of the Czech Philharmonic and the Karlovy Vary Symphony Orchestra<br>\n<\/h5>\n<h6>Artistic director of the Czech Philharmonic: <\/h6>\n<h5>Jan Fi\u0161er<\/h5>\n<h6>Artistic director of the Karlovy Vary Symphony Orchestra: <\/h6>\n<h5>Jakub Sedl\u00e1\u010dek<\/h5>\n<h6>Solo violinist:<\/h6>\n<h5>Jan Fi\u0161er (concert master of the Czech Philharmonic)<\/h5>\t\t\t\t\t\t\t\t<\/div>\n\t\t\t\t<\/div>\n\t\t\t\t\t<\/div>\n\t\t<\/div>\n\t\t\t\t\t<\/div>\n\t\t<\/section>\n\t\t\t\t<section class=\"elementor-section elementor-top-section elementor-element elementor-element-65c6d37 elementor-section-boxed elementor-section-height-default elementor-section-height-default\" data-id=\"65c6d37\" data-element_type=\"section\" data-e-type=\"section\">\n\t\t\t\t\t\t<div class=\"elementor-container elementor-column-gap-default\">\n\t\t\t\t\t<div class=\"elementor-column elementor-col-100 elementor-top-column elementor-element elementor-element-8263b14\" data-id=\"8263b14\" data-element_type=\"column\" data-e-type=\"column\">\n\t\t\t<div class=\"elementor-widget-wrap elementor-element-populated\">\n\t\t\t\t\t\t<div class=\"elementor-element elementor-element-fd14483 elementor-widget elementor-widget-text-editor\" data-id=\"fd14483\" data-element_type=\"widget\" data-e-type=\"widget\" data-widget_type=\"text-editor.default\">\n\t\t\t\t<div class=\"elementor-widget-container\">\n\t\t\t\t\t\t\t\t\t<span class=\"h2-small\" style=\"font-weight: 400;\">About the program\n<\/span>\n<h5><span style=\"font-weight: 400;\">Both works included in the day\u2019s concert were written while Mozart was in the services of Salzburg\u2019s Archbishop Hieronymus von Colloredo, for whom he began working at age seventeen. Despite his youth, Wolfgang Amadeus Mozart (1756\u20131791) was already an experienced composer at the time. Over the previous years, he had visited practically all of Europe\u2019s most important courts in the company of his father, including Vienna, Paris, and London, and had composed more than twenty symphonies and seven operas. The violin concerto in B major was Mozart\u2019s first concerto for solo instrument. Over the subsequent four years, he composed another four violin concertos, all of which are still regularly played today. Although it is one of his early works, the Symphony in A Major clearly shows Mozart\u2019s exceptional compositional talent. It combines his practically limitless melodic inventiveness with an extraordinary sense for the use of all the colorful possibilities of the classical orchestra.\n\n<\/span><\/h5>\n&nbsp;\t\t\t\t\t\t\t\t<\/div>\n\t\t\t\t<\/div>\n\t\t\t\t\t<\/div>\n\t\t<\/div>\n\t\t\t\t\t<\/div>\n\t\t<\/section>\n\t\t\t\t<section class=\"elementor-section elementor-top-section elementor-element elementor-element-dd5712c elementor-section-boxed elementor-section-height-default elementor-section-height-default\" data-id=\"dd5712c\" data-element_type=\"section\" data-e-type=\"section\">\n\t\t\t\t\t\t<div class=\"elementor-container elementor-column-gap-default\">\n\t\t\t\t\t<div class=\"elementor-column elementor-col-100 elementor-top-column elementor-element elementor-element-b5f4952\" data-id=\"b5f4952\" data-element_type=\"column\" data-e-type=\"column\">\n\t\t\t<div class=\"elementor-widget-wrap elementor-element-populated\">\n\t\t\t\t\t\t<div class=\"elementor-element elementor-element-4474e1f elementor-widget elementor-widget-image\" data-id=\"4474e1f\" data-element_type=\"widget\" data-e-type=\"widget\" data-widget_type=\"image.default\">\n\t\t\t\t<div class=\"elementor-widget-container\">\n\t\t\t\t\t\t\t\t\t\t\t\t\t\t\t<img decoding=\"async\" width=\"1600\" height=\"900\" src=\"https:\/\/variace.kviff.com\/wp-content\/uploads\/2022\/10\/variace-kviff-fotky-detail-1600x900-fiser_jan_c_petrahajska.jpg\" class=\"attachment-full size-full wp-image-2216\" alt=\"\" srcset=\"https:\/\/variace.kviff.com\/wp-content\/uploads\/2022\/10\/variace-kviff-fotky-detail-1600x900-fiser_jan_c_petrahajska.jpg 1600w, https:\/\/variace.kviff.com\/wp-content\/uploads\/2022\/10\/variace-kviff-fotky-detail-1600x900-fiser_jan_c_petrahajska-300x169.jpg 300w, https:\/\/variace.kviff.com\/wp-content\/uploads\/2022\/10\/variace-kviff-fotky-detail-1600x900-fiser_jan_c_petrahajska-1024x576.jpg 1024w, https:\/\/variace.kviff.com\/wp-content\/uploads\/2022\/10\/variace-kviff-fotky-detail-1600x900-fiser_jan_c_petrahajska-768x432.jpg 768w, https:\/\/variace.kviff.com\/wp-content\/uploads\/2022\/10\/variace-kviff-fotky-detail-1600x900-fiser_jan_c_petrahajska-1536x864.jpg 1536w\" sizes=\"(max-width: 1600px) 100vw, 1600px\" \/>\t\t\t\t\t\t\t\t\t\t\t\t\t\t\t<\/div>\n\t\t\t\t<\/div>\n\t\t\t\t<div class=\"elementor-element elementor-element-bfc73ba elementor-widget elementor-widget-text-editor\" data-id=\"bfc73ba\" data-element_type=\"widget\" data-e-type=\"widget\" data-widget_type=\"text-editor.default\">\n\t\t\t\t<div class=\"elementor-widget-container\">\n\t\t\t\t\t\t\t\t\t<span class=\"h2-small\">Jan Fi\u0161er<\/span>\n<h5><span style=\"text-transform: uppercase;\">Violinist<\/span><\/h5>\n<h5><span style=\"font-weight: 400;\">A concert master of the Czech Philharmonic and of the PKF \u2013 Prague Philharmonia, Fi\u0161er also intensively focuses on solo and chamber performances. Together with pianist Ivo Kah\u00e1nek and cellist Tom\u00e1\u0161 Jamn\u00edk, he is one third of the Dvo\u0159\u00e1k Trio, one of the best Czech chamber ensembles, with successful appearances at a number of domestic and foreign music festivals. As a soloist, Jan Fi\u0161er has collaborated with leading Czech orchestras and has performed as guest concert master with the BBC Symphony Orchestra, the Bamberger Symphoniker \u2013 Bayerische Staatsphilharmonie, and the Deutsche Radio Philharmonie Saarbr\u00fccken Kaiserslautern. As a mentor for the MenArt scholarship academy, he is also active as a teacher, and on top of that he regularly teaches music courses, among other places at the \u0160ev\u010d\u00edk Academy in Hora\u017e\u010fovice and the Tel\u010d Music Academy.\n\n<\/span><\/h5>\t\t\t\t\t\t\t\t<\/div>\n\t\t\t\t<\/div>\n\t\t\t\t\t<\/div>\n\t\t<\/div>\n\t\t\t\t\t<\/div>\n\t\t<\/section>\n\t\t\t\t<section class=\"elementor-section elementor-top-section elementor-element elementor-element-726650c elementor-section-boxed elementor-section-height-default elementor-section-height-default\" data-id=\"726650c\" data-element_type=\"section\" data-e-type=\"section\">\n\t\t\t\t\t\t<div class=\"elementor-container elementor-column-gap-default\">\n\t\t\t\t\t<div class=\"elementor-column elementor-col-100 elementor-top-column elementor-element elementor-element-b0fee17\" data-id=\"b0fee17\" data-element_type=\"column\" data-e-type=\"column\">\n\t\t\t<div class=\"elementor-widget-wrap elementor-element-populated\">\n\t\t\t\t\t\t<div class=\"elementor-element elementor-element-75a0bd6 elementor-widget elementor-widget-image\" data-id=\"75a0bd6\" data-element_type=\"widget\" data-e-type=\"widget\" data-widget_type=\"image.default\">\n\t\t\t\t<div class=\"elementor-widget-container\">\n\t\t\t\t\t\t\t\t\t\t\t\t\t\t\t<img loading=\"lazy\" decoding=\"async\" width=\"1600\" height=\"900\" src=\"https:\/\/variace.kviff.com\/wp-content\/uploads\/2022\/10\/variace-kviff-fotky-detail-1600x900-sedlacek.jpg\" class=\"attachment-full size-full wp-image-2224\" alt=\"\" srcset=\"https:\/\/variace.kviff.com\/wp-content\/uploads\/2022\/10\/variace-kviff-fotky-detail-1600x900-sedlacek.jpg 1600w, https:\/\/variace.kviff.com\/wp-content\/uploads\/2022\/10\/variace-kviff-fotky-detail-1600x900-sedlacek-300x169.jpg 300w, https:\/\/variace.kviff.com\/wp-content\/uploads\/2022\/10\/variace-kviff-fotky-detail-1600x900-sedlacek-1024x576.jpg 1024w, https:\/\/variace.kviff.com\/wp-content\/uploads\/2022\/10\/variace-kviff-fotky-detail-1600x900-sedlacek-768x432.jpg 768w, https:\/\/variace.kviff.com\/wp-content\/uploads\/2022\/10\/variace-kviff-fotky-detail-1600x900-sedlacek-1536x864.jpg 1536w\" sizes=\"(max-width: 1600px) 100vw, 1600px\" \/>\t\t\t\t\t\t\t\t\t\t\t\t\t\t\t<\/div>\n\t\t\t\t<\/div>\n\t\t\t\t<div class=\"elementor-element elementor-element-49d3711 elementor-widget elementor-widget-text-editor\" data-id=\"49d3711\" data-element_type=\"widget\" data-e-type=\"widget\" data-widget_type=\"text-editor.default\">\n\t\t\t\t<div class=\"elementor-widget-container\">\n\t\t\t\t\t\t\t\t\t<span class=\"h2-small\">Jakub Sedl\u00e1\u010dek<\/span>\n<h5><span style=\"text-transform: uppercase;\">Violinist<\/span><\/h5>\n<h5><span style=\"font-weight: 400;\">Jakub Sedl\u00e1\u010dek is a leading violinist of his generation and an in-demand chamber musician and soloist. He studied at the Prague Conservatory under professors Jaroslav Folt\u00fdn and Ivan \u017denat\u00fd, followed by the Pilsen Conservatory under professor Roman Fed\u010duk. In 2000, he received a scholarship to attend a master class at the Meadowmount School of Music in New York State. In 2007\u20132008, he taught and performed at Mahidol University\u2019s College of Music in Bangkok. In 2008\u20132011, he was concert master and soloist at the West Bohemian Symphony Orchestra in Mari\u00e1nsk\u00e9 L\u00e1zn\u011b. In 2009, he successfully performed Dvo\u0159\u00e1k\u2019s violin concerto with the Slovak Radio Symphony Orchestra. During the 2011\u20132012 season, he was concert master with the Pilsen Philharmonic and he held the same position with Germany\u2019s Th\u00fcringer Symphoniker until March 2013. Since then, he has been concert master at the Karlovy Vary Symphony Orchestra.\n\n<\/span><\/h5>\t\t\t\t\t\t\t\t<\/div>\n\t\t\t\t<\/div>\n\t\t\t\t\t<\/div>\n\t\t<\/div>\n\t\t\t\t\t<\/div>\n\t\t<\/section>\n\t\t\t\t<section class=\"elementor-section elementor-top-section elementor-element elementor-element-bf1a853 elementor-section-boxed elementor-section-height-default elementor-section-height-default\" data-id=\"bf1a853\" data-element_type=\"section\" data-e-type=\"section\">\n\t\t\t\t\t\t<div class=\"elementor-container elementor-column-gap-default\">\n\t\t\t\t\t<div class=\"elementor-column elementor-col-100 elementor-top-column elementor-element elementor-element-88f70f9\" data-id=\"88f70f9\" data-element_type=\"column\" data-e-type=\"column\">\n\t\t\t<div class=\"elementor-widget-wrap elementor-element-populated\">\n\t\t\t\t\t\t<div class=\"elementor-element elementor-element-446e1f4 elementor-widget elementor-widget-button\" data-id=\"446e1f4\" data-element_type=\"widget\" data-e-type=\"widget\" data-widget_type=\"button.default\">\n\t\t\t\t<div class=\"elementor-widget-container\">\n\t\t\t\t\t\t\t\t\t<div class=\"elementor-button-wrapper\">\n\t\t\t\t\t<a class=\"elementor-button elementor-button-link elementor-size-md\" href=\"https:\/\/variace.kviff.com\/en\/en-2022\/#program\">\n\t\t\t\t\t\t<span class=\"elementor-button-content-wrapper\">\n\t\t\t\t\t\t\t\t\t<span class=\"elementor-button-text\">Back to program<\/span>\n\t\t\t\t\t<\/span>\n\t\t\t\t\t<\/a>\n\t\t\t\t<\/div>\n\t\t\t\t\t\t\t\t<\/div>\n\t\t\t\t<\/div>\n\t\t\t\t\t<\/div>\n\t\t<\/div>\n\t\t\t\t\t<\/div>\n\t\t<\/section>\n\t\t\t\t<\/div>","protected":false},"excerpt":{"rendered":"<p>Two Times Mozart at the Thermal Spring Colonnade Saturday, 12 November 2022 \/ 2 pm \/ Thermal Spring Colonnade \/ Admission free A chamber orchestra made up of members of the Czech Philharmonic and the Karlovy Vary Symphony Orchestra performs two iconic works by Wolfgang Amadeus Mozart, featuring soloist Jan Fi\u0161er, concert master of the [&hellip;]<\/p>\n","protected":false},"author":1,"featured_media":0,"parent":0,"menu_order":0,"comment_status":"closed","ping_status":"closed","template":"","meta":{"_seopress_robots_primary_cat":"","_seopress_titles_title":"Two Times Mozart at the Thermal Spring Colonnade \/ Variations 2022 \/ Karlovy Vary","_seopress_titles_desc":"Saturday, 12 November 2022 \/ 2pm \/ Thermal Spring Colonnade \/ Admission free. A chamber orchestra made up of members of the Czech Philharmonic and the Karlovy Vary Symphony Orchestra performs two iconic works by Wolfgang Amadeus Mozart, featuring soloist Jan Fi\u0161er, concert master of the Czech Philharmonic.","_seopress_robots_index":"","footnotes":""},"class_list":["post-2836","page","type-page","status-publish","hentry"],"_links":{"self":[{"href":"https:\/\/variace.kviff.com\/en\/wp-json\/wp\/v2\/pages\/2836","targetHints":{"allow":["GET"]}}],"collection":[{"href":"https:\/\/variace.kviff.com\/en\/wp-json\/wp\/v2\/pages"}],"about":[{"href":"https:\/\/variace.kviff.com\/en\/wp-json\/wp\/v2\/types\/page"}],"author":[{"embeddable":true,"href":"https:\/\/variace.kviff.com\/en\/wp-json\/wp\/v2\/users\/1"}],"replies":[{"embeddable":true,"href":"https:\/\/variace.kviff.com\/en\/wp-json\/wp\/v2\/comments?post=2836"}],"version-history":[{"count":57,"href":"https:\/\/variace.kviff.com\/en\/wp-json\/wp\/v2\/pages\/2836\/revisions"}],"predecessor-version":[{"id":3056,"href":"https:\/\/variace.kviff.com\/en\/wp-json\/wp\/v2\/pages\/2836\/revisions\/3056"}],"wp:attachment":[{"href":"https:\/\/variace.kviff.com\/en\/wp-json\/wp\/v2\/media?parent=2836"}],"curies":[{"name":"wp","href":"https:\/\/api.w.org\/{rel}","templated":true}]}}