{"id":2972,"date":"2022-10-17T19:43:17","date_gmt":"2022-10-17T19:43:17","guid":{"rendered":"https:\/\/variace.kviff.com\/?page_id=2972"},"modified":"2022-11-08T10:04:07","modified_gmt":"2022-11-08T10:04:07","slug":"beethoven-and-dvorak-performed-by-the-czech-philharmonic-2022","status":"publish","type":"page","link":"https:\/\/variace.kviff.com\/en\/beethoven-and-dvorak-performed-by-the-czech-philharmonic-2022\/","title":{"rendered":"Beethoven and Dvo\u0159\u00e1k performed by the Czech Philharmonic"},"content":{"rendered":"<div data-elementor-type=\"wp-page\" data-elementor-id=\"2972\" class=\"elementor elementor-2972\" data-elementor-post-type=\"page\">\n\t\t\t\t\t\t<section class=\"elementor-section elementor-top-section elementor-element elementor-element-0f5b2e3 elementor-section-full_width elementor-hidden-tablet elementor-hidden-mobile elementor-section-height-default elementor-section-height-default\" data-id=\"0f5b2e3\" data-element_type=\"section\" data-e-type=\"section\">\n\t\t\t\t\t\t<div class=\"elementor-container elementor-column-gap-no\">\n\t\t\t\t\t<div class=\"elementor-column elementor-col-100 elementor-top-column elementor-element elementor-element-fe034cc\" data-id=\"fe034cc\" data-element_type=\"column\" data-e-type=\"column\">\n\t\t\t<div class=\"elementor-widget-wrap elementor-element-populated\">\n\t\t\t\t\t\t<div class=\"elementor-element elementor-element-0a0297f elementor-widget elementor-widget-image\" data-id=\"0a0297f\" data-element_type=\"widget\" data-e-type=\"widget\" data-widget_type=\"image.default\">\n\t\t\t\t<div class=\"elementor-widget-container\">\n\t\t\t\t\t\t\t\t\t\t\t\t\t\t\t<img fetchpriority=\"high\" decoding=\"async\" width=\"1920\" height=\"750\" src=\"https:\/\/variace.kviff.com\/wp-content\/uploads\/2022\/10\/variace-kviff-fotky-detail-1920x750-koncert-v-divadle-2022.jpg\" class=\"attachment-full size-full wp-image-2330\" alt=\"\" srcset=\"https:\/\/variace.kviff.com\/wp-content\/uploads\/2022\/10\/variace-kviff-fotky-detail-1920x750-koncert-v-divadle-2022.jpg 1920w, https:\/\/variace.kviff.com\/wp-content\/uploads\/2022\/10\/variace-kviff-fotky-detail-1920x750-koncert-v-divadle-2022-300x117.jpg 300w, https:\/\/variace.kviff.com\/wp-content\/uploads\/2022\/10\/variace-kviff-fotky-detail-1920x750-koncert-v-divadle-2022-1024x400.jpg 1024w, https:\/\/variace.kviff.com\/wp-content\/uploads\/2022\/10\/variace-kviff-fotky-detail-1920x750-koncert-v-divadle-2022-768x300.jpg 768w, https:\/\/variace.kviff.com\/wp-content\/uploads\/2022\/10\/variace-kviff-fotky-detail-1920x750-koncert-v-divadle-2022-1536x600.jpg 1536w\" sizes=\"(max-width: 1920px) 100vw, 1920px\" \/>\t\t\t\t\t\t\t\t\t\t\t\t\t\t\t<\/div>\n\t\t\t\t<\/div>\n\t\t\t\t\t<\/div>\n\t\t<\/div>\n\t\t\t\t\t<\/div>\n\t\t<\/section>\n\t\t\t\t<section class=\"elementor-section elementor-top-section elementor-element elementor-element-bd8c347 elementor-section-full_width elementor-hidden-desktop elementor-section-height-default elementor-section-height-default\" data-id=\"bd8c347\" data-element_type=\"section\" data-e-type=\"section\">\n\t\t\t\t\t\t<div class=\"elementor-container elementor-column-gap-no\">\n\t\t\t\t\t<div class=\"elementor-column elementor-col-100 elementor-top-column elementor-element elementor-element-9bfccd1\" data-id=\"9bfccd1\" data-element_type=\"column\" data-e-type=\"column\">\n\t\t\t<div class=\"elementor-widget-wrap elementor-element-populated\">\n\t\t\t\t\t\t<div class=\"elementor-element elementor-element-7eb5f4b elementor-widget elementor-widget-image\" data-id=\"7eb5f4b\" data-element_type=\"widget\" data-e-type=\"widget\" data-widget_type=\"image.default\">\n\t\t\t\t<div class=\"elementor-widget-container\">\n\t\t\t\t\t\t\t\t\t\t\t\t\t\t\t<img decoding=\"async\" width=\"1920\" height=\"1080\" src=\"https:\/\/variace.kviff.com\/wp-content\/uploads\/2022\/10\/variace-kviff-fotky-detail-1920x1080-koncert-v-divadle-2022.jpg\" class=\"attachment-full size-full wp-image-2327\" alt=\"\" srcset=\"https:\/\/variace.kviff.com\/wp-content\/uploads\/2022\/10\/variace-kviff-fotky-detail-1920x1080-koncert-v-divadle-2022.jpg 1920w, https:\/\/variace.kviff.com\/wp-content\/uploads\/2022\/10\/variace-kviff-fotky-detail-1920x1080-koncert-v-divadle-2022-300x169.jpg 300w, https:\/\/variace.kviff.com\/wp-content\/uploads\/2022\/10\/variace-kviff-fotky-detail-1920x1080-koncert-v-divadle-2022-1024x576.jpg 1024w, https:\/\/variace.kviff.com\/wp-content\/uploads\/2022\/10\/variace-kviff-fotky-detail-1920x1080-koncert-v-divadle-2022-768x432.jpg 768w, https:\/\/variace.kviff.com\/wp-content\/uploads\/2022\/10\/variace-kviff-fotky-detail-1920x1080-koncert-v-divadle-2022-1536x864.jpg 1536w\" sizes=\"(max-width: 1920px) 100vw, 1920px\" \/>\t\t\t\t\t\t\t\t\t\t\t\t\t\t\t<\/div>\n\t\t\t\t<\/div>\n\t\t\t\t\t<\/div>\n\t\t<\/div>\n\t\t\t\t\t<\/div>\n\t\t<\/section>\n\t\t\t\t<section class=\"elementor-section elementor-top-section elementor-element elementor-element-7976097 elementor-section-boxed elementor-section-height-default elementor-section-height-default\" data-id=\"7976097\" data-element_type=\"section\" data-e-type=\"section\">\n\t\t\t\t\t\t<div class=\"elementor-container elementor-column-gap-default\">\n\t\t\t\t\t<div class=\"elementor-column elementor-col-100 elementor-top-column elementor-element elementor-element-c9f0559\" data-id=\"c9f0559\" data-element_type=\"column\" data-e-type=\"column\">\n\t\t\t<div class=\"elementor-widget-wrap elementor-element-populated\">\n\t\t\t\t\t\t<div class=\"elementor-element elementor-element-f237748 elementor-widget elementor-widget-text-editor\" data-id=\"f237748\" data-element_type=\"widget\" data-e-type=\"widget\" data-widget_type=\"text-editor.default\">\n\t\t\t\t<div class=\"elementor-widget-container\">\n\t\t\t\t\t\t\t\t\t<h1><span style=\"font-weight: 400;\">Beethoven and Dvo\u0159\u00e1k performed by the Czech Philharmonic<\/span><\/h1>\t\t\t\t\t\t\t\t<\/div>\n\t\t\t\t<\/div>\n\t\t\t\t<div class=\"elementor-element elementor-element-c23792d elementor-widget elementor-widget-text-editor\" data-id=\"c23792d\" data-element_type=\"widget\" data-e-type=\"widget\" data-widget_type=\"text-editor.default\">\n\t\t\t\t<div class=\"elementor-widget-container\">\n\t\t\t\t\t\t\t\t\t<p><span style=\"font-weight: 400;\">Saturday, 12 November 2022 \/ 8 pm \/ Karlovy Vary Municipal Theatre<\/span><\/p>\n<p><\/p>\t\t\t\t\t\t\t\t<\/div>\n\t\t\t\t<\/div>\n\t\t\t\t<div class=\"elementor-element elementor-element-b198324 elementor-widget elementor-widget-button\" data-id=\"b198324\" data-element_type=\"widget\" data-e-type=\"widget\" data-widget_type=\"button.default\">\n\t\t\t\t<div class=\"elementor-widget-container\">\n\t\t\t\t\t\t\t\t\t<div class=\"elementor-button-wrapper\">\n\t\t\t\t\t<a class=\"elementor-button elementor-button-link elementor-size-md\" href=\"https:\/\/www.karlovarske-divadlo.cz\/program\/%C4%8Desk%C3%A1-filharmonie-beethoven-a-dvo%C5%99%C3%A1k\/\" target=\"_blank\">\n\t\t\t\t\t\t<span class=\"elementor-button-content-wrapper\">\n\t\t\t\t\t\t\t\t\t<span class=\"elementor-button-text\">Tickets<\/span>\n\t\t\t\t\t<\/span>\n\t\t\t\t\t<\/a>\n\t\t\t\t<\/div>\n\t\t\t\t\t\t\t\t<\/div>\n\t\t\t\t<\/div>\n\t\t\t\t\t<\/div>\n\t\t<\/div>\n\t\t\t\t\t<\/div>\n\t\t<\/section>\n\t\t\t\t<section class=\"elementor-section elementor-top-section elementor-element elementor-element-9829579 elementor-section-boxed elementor-section-height-default elementor-section-height-default\" data-id=\"9829579\" data-element_type=\"section\" data-e-type=\"section\">\n\t\t\t\t\t\t<div class=\"elementor-container elementor-column-gap-default\">\n\t\t\t\t\t<div class=\"elementor-column elementor-col-100 elementor-top-column elementor-element elementor-element-5eb0a7d\" data-id=\"5eb0a7d\" data-element_type=\"column\" data-e-type=\"column\">\n\t\t\t<div class=\"elementor-widget-wrap elementor-element-populated\">\n\t\t\t\t\t\t<div class=\"elementor-element elementor-element-eabbc5f elementor-widget elementor-widget-text-editor\" data-id=\"eabbc5f\" data-element_type=\"widget\" data-e-type=\"widget\" data-widget_type=\"text-editor.default\">\n\t\t\t\t<div class=\"elementor-widget-container\">\n\t\t\t\t\t\t\t\t\t<span class=\"h3-small\" style=\"font-weight: 400;\">Especially for Variations, the Czech Philharmonic presents Anton\u00edn Dvo\u0159\u00e1k\u2019s famous Violin Concerto in A Minor and Beethoven\u2019s Symphony no. 7 in A Major, under the direction of conductor Domingo Hindoyan and featuring a violin solo by concert master of the Czech Philharmonic Jan Mr\u00e1\u010dek.\n\n<\/span>\t\t\t\t\t\t\t\t<\/div>\n\t\t\t\t<\/div>\n\t\t\t\t\t<\/div>\n\t\t<\/div>\n\t\t\t\t\t<\/div>\n\t\t<\/section>\n\t\t\t\t<section class=\"elementor-section elementor-top-section elementor-element elementor-element-c1f38de elementor-section-boxed elementor-section-height-default elementor-section-height-default\" data-id=\"c1f38de\" data-element_type=\"section\" data-e-type=\"section\">\n\t\t\t\t\t\t<div class=\"elementor-container elementor-column-gap-default\">\n\t\t\t\t\t<div class=\"elementor-column elementor-col-100 elementor-top-column elementor-element elementor-element-d9b8fc5\" data-id=\"d9b8fc5\" data-element_type=\"column\" data-e-type=\"column\">\n\t\t\t<div class=\"elementor-widget-wrap elementor-element-populated\">\n\t\t\t\t\t\t<div class=\"elementor-element elementor-element-d5c13d0 elementor-widget elementor-widget-text-editor\" data-id=\"d5c13d0\" data-element_type=\"widget\" data-e-type=\"widget\" data-widget_type=\"text-editor.default\">\n\t\t\t\t<div class=\"elementor-widget-container\">\n\t\t\t\t\t\t\t\t\t<h6>Program:<\/h6>\n<h5>Anton\u00edn Dvo\u0159\u00e1k: Concerto for Violin and Orchestra in A Minor, op. 53,\nLudwig van Beethoven: Symphony no. 7 in A Major, op. 92 \n<\/h5>\n<h6>Performed by:<\/h6>\n<h5>Czech Philharmonic<\/h5>\n<h6>Conductor: <\/h6>\n<h5>Domingo Hindoyan<\/h5>\n<h6>Solo violinist:<\/h6>\n<h5>Jan Mr\u00e1\u010dek (concert master of the Czech Philharmonic)\n<\/h5>\t\t\t\t\t\t\t\t<\/div>\n\t\t\t\t<\/div>\n\t\t\t\t\t<\/div>\n\t\t<\/div>\n\t\t\t\t\t<\/div>\n\t\t<\/section>\n\t\t\t\t<section class=\"elementor-section elementor-top-section elementor-element elementor-element-65c6d37 elementor-section-boxed elementor-section-height-default elementor-section-height-default\" data-id=\"65c6d37\" data-element_type=\"section\" data-e-type=\"section\">\n\t\t\t\t\t\t<div class=\"elementor-container elementor-column-gap-default\">\n\t\t\t\t\t<div class=\"elementor-column elementor-col-100 elementor-top-column elementor-element elementor-element-8263b14\" data-id=\"8263b14\" data-element_type=\"column\" data-e-type=\"column\">\n\t\t\t<div class=\"elementor-widget-wrap elementor-element-populated\">\n\t\t\t\t\t\t<div class=\"elementor-element elementor-element-fd14483 elementor-widget elementor-widget-text-editor\" data-id=\"fd14483\" data-element_type=\"widget\" data-e-type=\"widget\" data-widget_type=\"text-editor.default\">\n\t\t\t\t<div class=\"elementor-widget-container\">\n\t\t\t\t\t\t\t\t\t<span class=\"h2-small\" style=\"font-weight: 400;\">About the program\n<\/span>\n<h5><span style=\"font-weight: 400;\">Anton\u00edn Dvo\u0159\u00e1k (1841\u20131904) composed his only violin concerto at the turn of the 1870s\/1880s. Its world premiere performance was originally supposed to feature German violinist Joseph Joachim. In the end, however, it was first performed by Franti\u0161ek Ond\u0159\u00ed\u010dek with the orchestra of the National Theatre in Prague. Thanks to his efforts, the concerto was subsequently performed at concert halls around the world and acquired a level of popularity it still enjoys today. Around the same time, Dvo\u0159\u00e1k also composed his first set of Slavonic Dances, the Czech Suite, and his Sixth Symphony. The violin concerto demands a virtuoso playing style but is also characterized by a distinctive song-like melody and a rich and elaborate orchestral accompaniment. The inclusion of Ludwig van Beethoven\u2019s (1770\u20131827) Seventh Symphony in the program was not done by chance. The composer worked on it in 1811 and 1812 during his stay at the spas in Teplice, Karlovy Vary, and Franti\u0161kovy L\u00e1zn\u011b. The symphony was first performed around 1813 in Vienna, where it was an extraordinary success. Musically, it builds on Beethoven\u2019s two previous symphonies, combining the drama of the Fate Symphony with the joyful lyricism of his Pastoral Symphony. One person who spoke admiringly of this work was Richard Wagner, who called it an \u201capotheosis of dance.\u201d\n<\/span><\/h5>\n&nbsp;\t\t\t\t\t\t\t\t<\/div>\n\t\t\t\t<\/div>\n\t\t\t\t\t<\/div>\n\t\t<\/div>\n\t\t\t\t\t<\/div>\n\t\t<\/section>\n\t\t\t\t<section class=\"elementor-section elementor-top-section elementor-element elementor-element-dd5712c elementor-section-boxed elementor-section-height-default elementor-section-height-default\" data-id=\"dd5712c\" data-element_type=\"section\" data-e-type=\"section\">\n\t\t\t\t\t\t<div class=\"elementor-container elementor-column-gap-default\">\n\t\t\t\t\t<div class=\"elementor-column elementor-col-100 elementor-top-column elementor-element elementor-element-b5f4952\" data-id=\"b5f4952\" data-element_type=\"column\" data-e-type=\"column\">\n\t\t\t<div class=\"elementor-widget-wrap elementor-element-populated\">\n\t\t\t\t\t\t<div class=\"elementor-element elementor-element-4474e1f elementor-widget elementor-widget-image\" data-id=\"4474e1f\" data-element_type=\"widget\" data-e-type=\"widget\" data-widget_type=\"image.default\">\n\t\t\t\t<div class=\"elementor-widget-container\">\n\t\t\t\t\t\t\t\t\t\t\t\t\t\t\t<img decoding=\"async\" width=\"1600\" height=\"900\" src=\"https:\/\/variace.kviff.com\/wp-content\/uploads\/2022\/10\/variace-kviff-fotky-detail-1600x900_Hindoyan_Domingo_c_Victor_Santiago.jpg\" class=\"attachment-full size-full wp-image-2295\" alt=\"\" srcset=\"https:\/\/variace.kviff.com\/wp-content\/uploads\/2022\/10\/variace-kviff-fotky-detail-1600x900_Hindoyan_Domingo_c_Victor_Santiago.jpg 1600w, https:\/\/variace.kviff.com\/wp-content\/uploads\/2022\/10\/variace-kviff-fotky-detail-1600x900_Hindoyan_Domingo_c_Victor_Santiago-300x169.jpg 300w, https:\/\/variace.kviff.com\/wp-content\/uploads\/2022\/10\/variace-kviff-fotky-detail-1600x900_Hindoyan_Domingo_c_Victor_Santiago-1024x576.jpg 1024w, https:\/\/variace.kviff.com\/wp-content\/uploads\/2022\/10\/variace-kviff-fotky-detail-1600x900_Hindoyan_Domingo_c_Victor_Santiago-768x432.jpg 768w, https:\/\/variace.kviff.com\/wp-content\/uploads\/2022\/10\/variace-kviff-fotky-detail-1600x900_Hindoyan_Domingo_c_Victor_Santiago-1536x864.jpg 1536w\" sizes=\"(max-width: 1600px) 100vw, 1600px\" \/>\t\t\t\t\t\t\t\t\t\t\t\t\t\t\t<\/div>\n\t\t\t\t<\/div>\n\t\t\t\t<div class=\"elementor-element elementor-element-bfc73ba elementor-widget elementor-widget-text-editor\" data-id=\"bfc73ba\" data-element_type=\"widget\" data-e-type=\"widget\" data-widget_type=\"text-editor.default\">\n\t\t\t\t<div class=\"elementor-widget-container\">\n\t\t\t\t\t\t\t\t\t<span class=\"h2-small\">Domingo Hindoyan<\/span>\n<h5><span style=\"text-transform: uppercase;\">Conductor<\/span><\/h5>\n<h5><span style=\"font-weight: 400;\">Domingo Hindoyan is the Chief Conductor of the Royal Liverpool Philharmonic Orchestra and is one of today\u2019s most exciting and celebrated conductors. Hindoyan also holds the position of Principal Guest Conductor of the Polish National Radio Symphony Orchestra. Hindoyan enjoys a vibrant career leading acclaimed ensembles and orchestras around the world including performances in the USA with the LA Philharmonic, Kansas City Symphony Orchestra, San Diego Symphony, New World Symphony, and in Europe with the Czech Philharmonic, Orchestra National du Capitole de Toulouse, Orchestre National de Bordeaux Aquitaine and Prague Philharmonia. Domingo Hindoyan was born in Caracas, Venezuela. He began his career as a violinist and member of the renowned Venezuelan musical education program El Sistema, and then was a member of Daniel Barenboim\u2019s West-Eastern Divan Orchestra. He later went on to study conducting in Europe at the Haute \u00c9cole de Musique de Gen\u00e8ve with Professor Laurent Gay and was the first assistant to Daniel Barenboim at the Deutsche Staatsoper Berlin between 2013 and 2016.\n\n<\/span><\/h5>\t\t\t\t\t\t\t\t<\/div>\n\t\t\t\t<\/div>\n\t\t\t\t\t<\/div>\n\t\t<\/div>\n\t\t\t\t\t<\/div>\n\t\t<\/section>\n\t\t\t\t<section class=\"elementor-section elementor-top-section elementor-element elementor-element-726650c elementor-section-boxed elementor-section-height-default elementor-section-height-default\" data-id=\"726650c\" data-element_type=\"section\" data-e-type=\"section\">\n\t\t\t\t\t\t<div class=\"elementor-container elementor-column-gap-default\">\n\t\t\t\t\t<div class=\"elementor-column elementor-col-100 elementor-top-column elementor-element elementor-element-b0fee17\" data-id=\"b0fee17\" data-element_type=\"column\" data-e-type=\"column\">\n\t\t\t<div class=\"elementor-widget-wrap elementor-element-populated\">\n\t\t\t\t\t\t<div class=\"elementor-element elementor-element-75a0bd6 elementor-widget elementor-widget-image\" data-id=\"75a0bd6\" data-element_type=\"widget\" data-e-type=\"widget\" data-widget_type=\"image.default\">\n\t\t\t\t<div class=\"elementor-widget-container\">\n\t\t\t\t\t\t\t\t\t\t\t\t\t\t\t<img loading=\"lazy\" decoding=\"async\" width=\"1600\" height=\"900\" src=\"https:\/\/variace.kviff.com\/wp-content\/uploads\/2022\/10\/variace-kviff-fotky-detail-1600x900-mracek_jan_c_petrahajska.jpg\" class=\"attachment-full size-full wp-image-2223\" alt=\"\" srcset=\"https:\/\/variace.kviff.com\/wp-content\/uploads\/2022\/10\/variace-kviff-fotky-detail-1600x900-mracek_jan_c_petrahajska.jpg 1600w, https:\/\/variace.kviff.com\/wp-content\/uploads\/2022\/10\/variace-kviff-fotky-detail-1600x900-mracek_jan_c_petrahajska-300x169.jpg 300w, https:\/\/variace.kviff.com\/wp-content\/uploads\/2022\/10\/variace-kviff-fotky-detail-1600x900-mracek_jan_c_petrahajska-1024x576.jpg 1024w, https:\/\/variace.kviff.com\/wp-content\/uploads\/2022\/10\/variace-kviff-fotky-detail-1600x900-mracek_jan_c_petrahajska-768x432.jpg 768w, https:\/\/variace.kviff.com\/wp-content\/uploads\/2022\/10\/variace-kviff-fotky-detail-1600x900-mracek_jan_c_petrahajska-1536x864.jpg 1536w\" sizes=\"(max-width: 1600px) 100vw, 1600px\" \/>\t\t\t\t\t\t\t\t\t\t\t\t\t\t\t<\/div>\n\t\t\t\t<\/div>\n\t\t\t\t<div class=\"elementor-element elementor-element-49d3711 elementor-widget elementor-widget-text-editor\" data-id=\"49d3711\" data-element_type=\"widget\" data-e-type=\"widget\" data-widget_type=\"text-editor.default\">\n\t\t\t\t<div class=\"elementor-widget-container\">\n\t\t\t\t\t\t\t\t\t<span class=\"h2-small\">Jan Mr\u00e1\u010dek<\/span>\n<h5><span style=\"text-transform: uppercase;\">Violinist<\/span><\/h5>\n<h5><span style=\"font-weight: 400;\">Already during childhood, Jan Mr\u00e1\u010dek was one of the most distinctive talents of his generation. He studied under Magdal\u00e9na Mickov\u00e1 and later under Ji\u0159\u00ed Fi\u0161er and regularly attended lessons with V\u00e1clav Hude\u010dek, thus laying the foundations for the two musicians\u2019 long and fruitful collaboration. His greatest successes include first prize at a conservatory competition in 2008 and at the international Beethoven\u2019s Hradec competition a year later. In 2010, he became the youngest winner of Prague Spring\u2019s international competition, and in 2014 he took first place in the Fritz Kreisler International Violin Competition in Vienna. Mr\u00e1\u010dek has performed as a soloist with the Kuopio Symphony Orchestra and the Romanian Radio Symphony (both with conductor Sascha Goetzel), the Lappeenranta City Orchestra in Finland, the Czech National Symphony Orchestra, the FOK Prague Symphony Orchestra, the Jan\u00e1\u010dek Philharmonic Ostrava, and the Czech Philharmonic. In 2016, then-chief conductor Ji\u0159\u00ed B\u011blohl\u00e1vek invited him to become concert master of the Czech Philharmonic.\n<\/span><\/h5>\n&nbsp;\t\t\t\t\t\t\t\t<\/div>\n\t\t\t\t<\/div>\n\t\t\t\t\t<\/div>\n\t\t<\/div>\n\t\t\t\t\t<\/div>\n\t\t<\/section>\n\t\t\t\t<section class=\"elementor-section elementor-top-section elementor-element elementor-element-bf1a853 elementor-section-boxed elementor-section-height-default elementor-section-height-default\" data-id=\"bf1a853\" data-element_type=\"section\" data-e-type=\"section\">\n\t\t\t\t\t\t<div class=\"elementor-container elementor-column-gap-default\">\n\t\t\t\t\t<div class=\"elementor-column elementor-col-100 elementor-top-column elementor-element elementor-element-88f70f9\" data-id=\"88f70f9\" data-element_type=\"column\" data-e-type=\"column\">\n\t\t\t<div class=\"elementor-widget-wrap elementor-element-populated\">\n\t\t\t\t\t\t<div class=\"elementor-element elementor-element-446e1f4 elementor-widget elementor-widget-button\" data-id=\"446e1f4\" data-element_type=\"widget\" data-e-type=\"widget\" data-widget_type=\"button.default\">\n\t\t\t\t<div class=\"elementor-widget-container\">\n\t\t\t\t\t\t\t\t\t<div class=\"elementor-button-wrapper\">\n\t\t\t\t\t<a class=\"elementor-button elementor-button-link elementor-size-md\" href=\"https:\/\/variace.kviff.com\/en\/en-2022\/#program\">\n\t\t\t\t\t\t<span class=\"elementor-button-content-wrapper\">\n\t\t\t\t\t\t\t\t\t<span class=\"elementor-button-text\">Back to program<\/span>\n\t\t\t\t\t<\/span>\n\t\t\t\t\t<\/a>\n\t\t\t\t<\/div>\n\t\t\t\t\t\t\t\t<\/div>\n\t\t\t\t<\/div>\n\t\t\t\t\t<\/div>\n\t\t<\/div>\n\t\t\t\t\t<\/div>\n\t\t<\/section>\n\t\t\t\t<\/div>","protected":false},"excerpt":{"rendered":"<p>Beethoven and Dvo\u0159\u00e1k performed by the Czech Philharmonic Saturday, 12 November 2022 \/ 8 pm \/ Karlovy Vary Municipal Theatre Tickets Especially for Variations, the Czech Philharmonic presents Anton\u00edn Dvo\u0159\u00e1k\u2019s famous Violin Concerto in A Minor and Beethoven\u2019s Symphony no. 7 in A Major, under the direction of conductor Domingo Hindoyan and featuring a violin [&hellip;]<\/p>\n","protected":false},"author":1,"featured_media":2327,"parent":0,"menu_order":0,"comment_status":"closed","ping_status":"closed","template":"","meta":{"_seopress_robots_primary_cat":"","_seopress_titles_title":"Beethoven and Dvo\u0159\u00e1k performed by the Czech Philharmonic \/ Variations 2022 \/ Karlovy Vary","_seopress_titles_desc":"Saturday, 12 November 2022 \/ 8 pm \/ Karlovy Vary Municipal Theatre. Especially for Variations, the Czech Philharmonic presents Anton\u00edn Dvo\u0159\u00e1k\u2019s famous Violin Concerto in A Minor and Beethoven\u2019s Symphony no. 7 in A Major, under the direction of conductor Domingo Hindoyan and featuring a violin solo by concert master of the Czech Philharmonic Jan Mr\u00e1\u010dek.","_seopress_robots_index":"","footnotes":""},"class_list":["post-2972","page","type-page","status-publish","has-post-thumbnail","hentry"],"_links":{"self":[{"href":"https:\/\/variace.kviff.com\/en\/wp-json\/wp\/v2\/pages\/2972","targetHints":{"allow":["GET"]}}],"collection":[{"href":"https:\/\/variace.kviff.com\/en\/wp-json\/wp\/v2\/pages"}],"about":[{"href":"https:\/\/variace.kviff.com\/en\/wp-json\/wp\/v2\/types\/page"}],"author":[{"embeddable":true,"href":"https:\/\/variace.kviff.com\/en\/wp-json\/wp\/v2\/users\/1"}],"replies":[{"embeddable":true,"href":"https:\/\/variace.kviff.com\/en\/wp-json\/wp\/v2\/comments?post=2972"}],"version-history":[{"count":77,"href":"https:\/\/variace.kviff.com\/en\/wp-json\/wp\/v2\/pages\/2972\/revisions"}],"predecessor-version":[{"id":3414,"href":"https:\/\/variace.kviff.com\/en\/wp-json\/wp\/v2\/pages\/2972\/revisions\/3414"}],"wp:featuredmedia":[{"embeddable":true,"href":"https:\/\/variace.kviff.com\/en\/wp-json\/wp\/v2\/media\/2327"}],"wp:attachment":[{"href":"https:\/\/variace.kviff.com\/en\/wp-json\/wp\/v2\/media?parent=2972"}],"curies":[{"name":"wp","href":"https:\/\/api.w.org\/{rel}","templated":true}]}}