{"id":5233,"date":"2024-09-30T14:27:25","date_gmt":"2024-09-30T14:27:25","guid":{"rendered":"https:\/\/variace.kviff.com\/?page_id=5233"},"modified":"2024-11-29T15:35:25","modified_gmt":"2024-11-29T15:35:25","slug":"czech-philharmonic-leos-janacek-and-antonin-dvorak-2024","status":"publish","type":"page","link":"https:\/\/variace.kviff.com\/en\/czech-philharmonic-leos-janacek-and-antonin-dvorak-2024\/","title":{"rendered":"Czech Philharmonic: Leo\u0161 Jan\u00e1\u010dek and Anton\u00edn Dvo\u0159\u00e1k"},"content":{"rendered":"<div data-elementor-type=\"wp-page\" data-elementor-id=\"5233\" class=\"elementor elementor-5233\" data-elementor-post-type=\"page\">\n\t\t\t\t\t\t<section class=\"elementor-section elementor-top-section elementor-element elementor-element-0f5b2e3 elementor-section-full_width elementor-hidden-tablet elementor-hidden-mobile elementor-section-height-default elementor-section-height-default\" data-id=\"0f5b2e3\" data-element_type=\"section\" data-e-type=\"section\">\n\t\t\t\t\t\t<div class=\"elementor-container elementor-column-gap-no\">\n\t\t\t\t\t<div class=\"elementor-column elementor-col-100 elementor-top-column elementor-element elementor-element-fe034cc\" data-id=\"fe034cc\" data-element_type=\"column\" data-e-type=\"column\">\n\t\t\t<div class=\"elementor-widget-wrap elementor-element-populated\">\n\t\t\t\t\t\t<div class=\"elementor-element elementor-element-0a0297f elementor-widget elementor-widget-image\" data-id=\"0a0297f\" data-element_type=\"widget\" data-e-type=\"widget\" data-widget_type=\"image.default\">\n\t\t\t\t<div class=\"elementor-widget-container\">\n\t\t\t\t\t\t\t\t\t\t\t\t\t\t\t<img fetchpriority=\"high\" decoding=\"async\" width=\"1920\" height=\"750\" src=\"https:\/\/variace.kviff.com\/wp-content\/uploads\/2024\/10\/variace-kviff-detail-2024-janacek-dvorak-pa-19.jpg\" class=\"attachment-full size-full wp-image-5369\" alt=\"\" srcset=\"https:\/\/variace.kviff.com\/wp-content\/uploads\/2024\/10\/variace-kviff-detail-2024-janacek-dvorak-pa-19.jpg 1920w, https:\/\/variace.kviff.com\/wp-content\/uploads\/2024\/10\/variace-kviff-detail-2024-janacek-dvorak-pa-19-300x117.jpg 300w, https:\/\/variace.kviff.com\/wp-content\/uploads\/2024\/10\/variace-kviff-detail-2024-janacek-dvorak-pa-19-1024x400.jpg 1024w, https:\/\/variace.kviff.com\/wp-content\/uploads\/2024\/10\/variace-kviff-detail-2024-janacek-dvorak-pa-19-768x300.jpg 768w, https:\/\/variace.kviff.com\/wp-content\/uploads\/2024\/10\/variace-kviff-detail-2024-janacek-dvorak-pa-19-1536x600.jpg 1536w\" sizes=\"(max-width: 1920px) 100vw, 1920px\" \/>\t\t\t\t\t\t\t\t\t\t\t\t\t\t\t<\/div>\n\t\t\t\t<\/div>\n\t\t\t\t\t<\/div>\n\t\t<\/div>\n\t\t\t\t\t<\/div>\n\t\t<\/section>\n\t\t\t\t<section class=\"elementor-section elementor-top-section elementor-element elementor-element-bd8c347 elementor-section-full_width elementor-hidden-desktop elementor-section-height-default elementor-section-height-default\" data-id=\"bd8c347\" data-element_type=\"section\" data-e-type=\"section\">\n\t\t\t\t\t\t<div class=\"elementor-container elementor-column-gap-no\">\n\t\t\t\t\t<div class=\"elementor-column elementor-col-100 elementor-top-column elementor-element elementor-element-9bfccd1\" data-id=\"9bfccd1\" data-element_type=\"column\" data-e-type=\"column\">\n\t\t\t<div class=\"elementor-widget-wrap elementor-element-populated\">\n\t\t\t\t\t\t<div class=\"elementor-element elementor-element-7eb5f4b elementor-widget elementor-widget-image\" data-id=\"7eb5f4b\" data-element_type=\"widget\" data-e-type=\"widget\" data-widget_type=\"image.default\">\n\t\t\t\t<div class=\"elementor-widget-container\">\n\t\t\t\t\t\t\t\t\t\t\t\t\t\t\t<img decoding=\"async\" width=\"1920\" height=\"1080\" src=\"https:\/\/variace.kviff.com\/wp-content\/uploads\/2024\/10\/variace-kviff-detail-full-2024-janacek-dvorak-pa-19.jpg\" class=\"attachment-full size-full wp-image-5361\" alt=\"\" srcset=\"https:\/\/variace.kviff.com\/wp-content\/uploads\/2024\/10\/variace-kviff-detail-full-2024-janacek-dvorak-pa-19.jpg 1920w, https:\/\/variace.kviff.com\/wp-content\/uploads\/2024\/10\/variace-kviff-detail-full-2024-janacek-dvorak-pa-19-300x169.jpg 300w, https:\/\/variace.kviff.com\/wp-content\/uploads\/2024\/10\/variace-kviff-detail-full-2024-janacek-dvorak-pa-19-1024x576.jpg 1024w, https:\/\/variace.kviff.com\/wp-content\/uploads\/2024\/10\/variace-kviff-detail-full-2024-janacek-dvorak-pa-19-768x432.jpg 768w, https:\/\/variace.kviff.com\/wp-content\/uploads\/2024\/10\/variace-kviff-detail-full-2024-janacek-dvorak-pa-19-1536x864.jpg 1536w\" sizes=\"(max-width: 1920px) 100vw, 1920px\" \/>\t\t\t\t\t\t\t\t\t\t\t\t\t\t\t<\/div>\n\t\t\t\t<\/div>\n\t\t\t\t\t<\/div>\n\t\t<\/div>\n\t\t\t\t\t<\/div>\n\t\t<\/section>\n\t\t\t\t<section class=\"elementor-section elementor-top-section elementor-element elementor-element-7976097 elementor-section-boxed elementor-section-height-default elementor-section-height-default\" data-id=\"7976097\" data-element_type=\"section\" data-e-type=\"section\">\n\t\t\t\t\t\t<div class=\"elementor-container elementor-column-gap-default\">\n\t\t\t\t\t<div class=\"elementor-column elementor-col-100 elementor-top-column elementor-element elementor-element-c9f0559\" data-id=\"c9f0559\" data-element_type=\"column\" data-e-type=\"column\">\n\t\t\t<div class=\"elementor-widget-wrap elementor-element-populated\">\n\t\t\t\t\t\t<div class=\"elementor-element elementor-element-f237748 elementor-widget elementor-widget-text-editor\" data-id=\"f237748\" data-element_type=\"widget\" data-e-type=\"widget\" data-widget_type=\"text-editor.default\">\n\t\t\t\t<div class=\"elementor-widget-container\">\n\t\t\t\t\t\t\t\t\t<h1><span style=\"font-weight: 400;\">Czech Philharmonic: Leo\u0161 Jan\u00e1\u010dek and Anton\u00edn Dvo\u0159\u00e1k<\/span><\/h1>\t\t\t\t\t\t\t\t<\/div>\n\t\t\t\t<\/div>\n\t\t\t\t<div class=\"elementor-element elementor-element-c23792d elementor-widget elementor-widget-text-editor\" data-id=\"c23792d\" data-element_type=\"widget\" data-e-type=\"widget\" data-widget_type=\"text-editor.default\">\n\t\t\t\t<div class=\"elementor-widget-container\">\n\t\t\t\t\t\t\t\t\t<p><span style=\"font-weight: 400;\">Friday, November 22 \/ 7pm \/ Grand Hall, Hotel Thermal<br \/><\/span><br \/>Dress code: Black Tie<\/p>\t\t\t\t\t\t\t\t<\/div>\n\t\t\t\t<\/div>\n\t\t\t\t<div class=\"elementor-element elementor-element-c8b2940 elementor-hidden-desktop elementor-hidden-tablet elementor-hidden-mobile elementor-widget elementor-widget-html\" data-id=\"c8b2940\" data-element_type=\"widget\" data-e-type=\"widget\" data-widget_type=\"html.default\">\n\t\t\t\t<div class=\"elementor-widget-container\">\n\t\t\t\t\t<script src=\"https:\/\/partners.goout.net\/framework\/auto.js\"\n        id=\"goOutScript\"\n        type=\"text\/javascript\"\n        data-contact=\"3157\"\n        data-sale=\"https:\/\/goout.net\/en\/tickets\/variations-2024-czech-philharmonic-orchestra-janacek-a-dvorak\/hmxab\/\">\n<\/script>\t\t\t\t<\/div>\n\t\t\t\t<\/div>\n\t\t\t\t<div class=\"elementor-element elementor-element-b198324 elementor-hidden-desktop elementor-hidden-tablet elementor-hidden-mobile elementor-widget elementor-widget-button\" data-id=\"b198324\" data-element_type=\"widget\" data-e-type=\"widget\" data-widget_type=\"button.default\">\n\t\t\t\t<div class=\"elementor-widget-container\">\n\t\t\t\t\t\t\t\t\t<div class=\"elementor-button-wrapper\">\n\t\t\t\t\t<a class=\"elementor-button elementor-button-link elementor-size-md\" href=\"https:\/\/cisarskelazne.cz\/event\" target=\"_blank\">\n\t\t\t\t\t\t<span class=\"elementor-button-content-wrapper\">\n\t\t\t\t\t\t\t\t\t<span class=\"elementor-button-text\">Tickets<\/span>\n\t\t\t\t\t<\/span>\n\t\t\t\t\t<\/a>\n\t\t\t\t<\/div>\n\t\t\t\t\t\t\t\t<\/div>\n\t\t\t\t<\/div>\n\t\t\t\t\t<\/div>\n\t\t<\/div>\n\t\t\t\t\t<\/div>\n\t\t<\/section>\n\t\t\t\t<section class=\"elementor-section elementor-top-section elementor-element elementor-element-9829579 elementor-section-boxed elementor-section-height-default elementor-section-height-default\" data-id=\"9829579\" data-element_type=\"section\" data-e-type=\"section\">\n\t\t\t\t\t\t<div class=\"elementor-container elementor-column-gap-default\">\n\t\t\t\t\t<div class=\"elementor-column elementor-col-100 elementor-top-column elementor-element elementor-element-5eb0a7d\" data-id=\"5eb0a7d\" data-element_type=\"column\" data-e-type=\"column\">\n\t\t\t<div class=\"elementor-widget-wrap elementor-element-populated\">\n\t\t\t\t\t\t<div class=\"elementor-element elementor-element-eabbc5f elementor-widget elementor-widget-text-editor\" data-id=\"eabbc5f\" data-element_type=\"widget\" data-e-type=\"widget\" data-widget_type=\"text-editor.default\">\n\t\t\t\t<div class=\"elementor-widget-container\">\n\t\t\t\t\t\t\t\t\t<span class=\"h3-small\" style=\"font-weight: 400;\">A Czech Philharmonic program prepared exclusively for its resi-dence at Carnegie Hall in New York. This will be the philharmonic\u2019s only Czech performance of Jan\u00e1\u010dek\u2019s Glagolitic Mass and Dvo\u0159\u00e1k\u2019s Violin Concerto in A minor, Semyon Bychkov conducting. <\/span>\t\t\t\t\t\t\t\t<\/div>\n\t\t\t\t<\/div>\n\t\t\t\t\t<\/div>\n\t\t<\/div>\n\t\t\t\t\t<\/div>\n\t\t<\/section>\n\t\t\t\t<section class=\"elementor-section elementor-top-section elementor-element elementor-element-c1f38de elementor-section-boxed elementor-section-height-default elementor-section-height-default\" data-id=\"c1f38de\" data-element_type=\"section\" data-e-type=\"section\">\n\t\t\t\t\t\t<div class=\"elementor-container elementor-column-gap-default\">\n\t\t\t\t\t<div class=\"elementor-column elementor-col-100 elementor-top-column elementor-element elementor-element-d9b8fc5\" data-id=\"d9b8fc5\" data-element_type=\"column\" data-e-type=\"column\">\n\t\t\t<div class=\"elementor-widget-wrap elementor-element-populated\">\n\t\t\t\t\t\t<div class=\"elementor-element elementor-element-d5c13d0 elementor-widget elementor-widget-text-editor\" data-id=\"d5c13d0\" data-element_type=\"widget\" data-e-type=\"widget\" data-widget_type=\"text-editor.default\">\n\t\t\t\t<div class=\"elementor-widget-container\">\n\t\t\t\t\t\t\t\t\t<h6>Program:<\/h6><h5>Anton\u00edn Dvo\u0159\u00e1k (1841\u20131904): Violin Concerto in A minor, Op. 53<br \/><em>Allegro ma non troppo (att.)<\/em><br \/><em>Adagio ma non troppo<\/em><br \/><em>Finale. Allegro giocoso, ma non troppo<br \/><\/em>Leo\u0161 Jan\u00e1\u010dek (1854\u20131928): Glagolitic Mass, cantata for soloists, choir, orchestra and organ<br \/><em>\u00davod \u2013 Introduction<\/em><br \/><em>Gospodi pomiluj \u2013 Kyrie<\/em><br \/><em>Slava \u2013 Gloria<\/em><br \/><em>V\u011bruju \u2013 Credo<\/em><br \/><em>Svet \u2013 Sanctus<\/em><br \/><em>Agne\u010de Bo\u017eij \u2013 Agnus Dei<\/em><br \/><em>Postludium (organ solo)<\/em><br \/><em>Intrada \u2013 Exodus<\/em><\/h5><h6>PERFORMED BY:<\/h6><h5>Czech Philharmonic:<br \/>violin \u2013 Jan Mr\u00e1\u010dek<br \/>soprano \u2013 Lyubov Petrova<br \/>mezzosoprano \u2013 Lucie Hilscherov\u00e1<br \/>tenor \u2013 Ale\u0161 Briscein<br \/>bass \u2013 David Leigh<br \/>organ \u2013 Daniela Valtov\u00e1 Kosinov\u00e1<\/h5><h5>Prague Philharmonic Choir:<br \/>choirmaster \u2013 Luk\u00e1\u0161 Vasilek<\/h5><h6>CONDUCTOR:<\/h6><h5>Semyon Bychkov<\/h5>\t\t\t\t\t\t\t\t<\/div>\n\t\t\t\t<\/div>\n\t\t\t\t\t<\/div>\n\t\t<\/div>\n\t\t\t\t\t<\/div>\n\t\t<\/section>\n\t\t\t\t<section class=\"elementor-section elementor-top-section elementor-element elementor-element-65c6d37 elementor-section-boxed elementor-section-height-default elementor-section-height-default\" data-id=\"65c6d37\" data-element_type=\"section\" data-e-type=\"section\">\n\t\t\t\t\t\t<div class=\"elementor-container elementor-column-gap-default\">\n\t\t\t\t\t<div class=\"elementor-column elementor-col-100 elementor-top-column elementor-element elementor-element-8263b14\" data-id=\"8263b14\" data-element_type=\"column\" data-e-type=\"column\">\n\t\t\t<div class=\"elementor-widget-wrap elementor-element-populated\">\n\t\t\t\t\t\t<div class=\"elementor-element elementor-element-fd14483 elementor-widget elementor-widget-text-editor\" data-id=\"fd14483\" data-element_type=\"widget\" data-e-type=\"widget\" data-widget_type=\"text-editor.default\">\n\t\t\t\t<div class=\"elementor-widget-container\">\n\t\t\t\t\t\t\t\t\t<span class=\"h2-small\" style=\"font-weight: 400;\">About the program\n<\/span>\n<h5><span style=\"font-weight: 400;\">Today, Dvo\u0159\u00e1k\u2019s Violin Concerto in A minor is one of the most popular works in the violin repertoire. Nevertheless, it took several years for the work to find its way to the concert hall.  Dvo\u0159\u00e1k\u2019s concerto was written at a time when composers were abandoning a purely virtuosic conception for concerto solo parts with the orchestra playing a merely accompanimental role. Now they were seeking how to combine the solo part and orchestra in the thematic and expressive discourse. In November 1882, the concerto was given a private performance with the orchestra of the Royal Academy of Music in Berlin. The soloist at the official premiere on 14 October 1883 in Prague with the orchestra of the National Theatre and the conductor Mo\u0159ic Anger was Franti\u0161ek Ond\u0159\u00ed\u010dek, who became an avid proponent and defender of the work.\nAmong great creative figures, Leo\u0161 Jan\u00e1\u010dek is remarkable in that the older he got, the more \u201cyouthful,\u201d original, and modern the music that he wrote became. This was perhaps because he had lost everything. Released by the cruelty of fate from his ties and concerns for his parents and his children, he was truly able to find himself. He cast aside conventions and tried to get to the heart of things. Jan\u00e1\u010dek\u2019s Glagolitic Mass is one of the most powerful sacred compositions in music history. The 72-year-old composer wrote the music to the text in Old Church Slavonic in 1926 at his favorite spa, Luha\u010dovice. He sketched out the entire Mass in just three weeks! By October 1926, he had finished it. He made additional, quite substantial changes after the premiere, which took place on 5 December 1927 in Brno.\n\n<\/span><\/h5>\n&nbsp;\t\t\t\t\t\t\t\t<\/div>\n\t\t\t\t<\/div>\n\t\t\t\t\t<\/div>\n\t\t<\/div>\n\t\t\t\t\t<\/div>\n\t\t<\/section>\n\t\t\t\t<section class=\"elementor-section elementor-top-section elementor-element elementor-element-dd5712c elementor-section-boxed elementor-section-height-default elementor-section-height-default\" data-id=\"dd5712c\" data-element_type=\"section\" data-e-type=\"section\">\n\t\t\t\t\t\t<div class=\"elementor-container elementor-column-gap-default\">\n\t\t\t\t\t<div class=\"elementor-column elementor-col-100 elementor-top-column elementor-element elementor-element-b5f4952\" data-id=\"b5f4952\" data-element_type=\"column\" data-e-type=\"column\">\n\t\t\t<div class=\"elementor-widget-wrap elementor-element-populated\">\n\t\t\t\t\t\t<div class=\"elementor-element elementor-element-4474e1f elementor-widget elementor-widget-image\" data-id=\"4474e1f\" data-element_type=\"widget\" data-e-type=\"widget\" data-widget_type=\"image.default\">\n\t\t\t\t<div class=\"elementor-widget-container\">\n\t\t\t\t\t\t\t\t\t\t\t\t\t\t\t<img decoding=\"async\" width=\"1600\" height=\"900\" src=\"https:\/\/variace.kviff.com\/wp-content\/uploads\/2024\/10\/variace-detail-portret-byckov.jpg\" class=\"attachment-full size-full wp-image-5416\" alt=\"\" srcset=\"https:\/\/variace.kviff.com\/wp-content\/uploads\/2024\/10\/variace-detail-portret-byckov.jpg 1600w, https:\/\/variace.kviff.com\/wp-content\/uploads\/2024\/10\/variace-detail-portret-byckov-300x169.jpg 300w, https:\/\/variace.kviff.com\/wp-content\/uploads\/2024\/10\/variace-detail-portret-byckov-1024x576.jpg 1024w, https:\/\/variace.kviff.com\/wp-content\/uploads\/2024\/10\/variace-detail-portret-byckov-768x432.jpg 768w, https:\/\/variace.kviff.com\/wp-content\/uploads\/2024\/10\/variace-detail-portret-byckov-1536x864.jpg 1536w\" sizes=\"(max-width: 1600px) 100vw, 1600px\" \/>\t\t\t\t\t\t\t\t\t\t\t\t\t\t\t<\/div>\n\t\t\t\t<\/div>\n\t\t\t\t<div class=\"elementor-element elementor-element-bfc73ba elementor-widget elementor-widget-text-editor\" data-id=\"bfc73ba\" data-element_type=\"widget\" data-e-type=\"widget\" data-widget_type=\"text-editor.default\">\n\t\t\t\t<div class=\"elementor-widget-container\">\n\t\t\t\t\t\t\t\t\t<span class=\"h2-small\">Semyon Bychkov <\/span>\n<h5><span style=\"font-weight: 400;\">Semyon Bychkov is the Chief Conductor and Music Director of the Czech Philharmonic. In addition to conducting at Prague\u2019s Rudolfinum, Semyon Bychkov and the Czech Philharmonic in the 2023\/2024 season, took the all Dvo\u0159\u00e1k programmes to Korea and across Japan. In spring, took the programmes to Spain, Austria, Germany, Belgium, and France and, at the end of year, the Year of Czech Music 2024 will culminate with three concerts at Carnegie Hall in New York.<\/span><\/h5>\n<h5><span style=\"font-weight: 400;\">Among the significant joint achievements of Semyon Bychkov and the Czech Philharmonic is the release of a 7-CD box set devoted to Tchaikovsky\u2019s symphonic repertoire and a series of international residencies.<\/h5>\n\n<h5><span style=\"font-weight: 400;\">In addition to guest engagements with the world\u2019s major orchestras and opera houses, Bychkov holds honorary titles with the BBC Symphony Orchestra \u2013 with whom he appears annually at the BBC Proms \u2013 and the Royal Academy of Music, who recently awarded him an Honorary Doctorate. Bychkov was named \u201cConductor of the Year\u201d by the International Opera Awards in 2015 and, by Musical America in 2022.<\/h5>\t\t\t\t\t\t\t\t<\/div>\n\t\t\t\t<\/div>\n\t\t\t\t\t<\/div>\n\t\t<\/div>\n\t\t\t\t\t<\/div>\n\t\t<\/section>\n\t\t\t\t<section class=\"elementor-section elementor-top-section elementor-element elementor-element-726650c elementor-section-boxed elementor-section-height-default elementor-section-height-default\" data-id=\"726650c\" data-element_type=\"section\" data-e-type=\"section\">\n\t\t\t\t\t\t<div class=\"elementor-container elementor-column-gap-default\">\n\t\t\t\t\t<div class=\"elementor-column elementor-col-100 elementor-top-column elementor-element elementor-element-b0fee17\" data-id=\"b0fee17\" data-element_type=\"column\" data-e-type=\"column\">\n\t\t\t<div class=\"elementor-widget-wrap elementor-element-populated\">\n\t\t\t\t\t\t<div class=\"elementor-element elementor-element-75a0bd6 elementor-widget elementor-widget-image\" data-id=\"75a0bd6\" data-element_type=\"widget\" data-e-type=\"widget\" data-widget_type=\"image.default\">\n\t\t\t\t<div class=\"elementor-widget-container\">\n\t\t\t\t\t\t\t\t\t\t\t\t\t\t\t<img loading=\"lazy\" decoding=\"async\" width=\"1600\" height=\"900\" src=\"https:\/\/variace.kviff.com\/wp-content\/uploads\/2024\/10\/variace-detail-portret-jan-mracek.jpg\" class=\"attachment-full size-full wp-image-5412\" alt=\"\" srcset=\"https:\/\/variace.kviff.com\/wp-content\/uploads\/2024\/10\/variace-detail-portret-jan-mracek.jpg 1600w, https:\/\/variace.kviff.com\/wp-content\/uploads\/2024\/10\/variace-detail-portret-jan-mracek-300x169.jpg 300w, https:\/\/variace.kviff.com\/wp-content\/uploads\/2024\/10\/variace-detail-portret-jan-mracek-1024x576.jpg 1024w, https:\/\/variace.kviff.com\/wp-content\/uploads\/2024\/10\/variace-detail-portret-jan-mracek-768x432.jpg 768w, https:\/\/variace.kviff.com\/wp-content\/uploads\/2024\/10\/variace-detail-portret-jan-mracek-1536x864.jpg 1536w\" sizes=\"(max-width: 1600px) 100vw, 1600px\" \/>\t\t\t\t\t\t\t\t\t\t\t\t\t\t\t<\/div>\n\t\t\t\t<\/div>\n\t\t\t\t<div class=\"elementor-element elementor-element-49d3711 elementor-widget elementor-widget-text-editor\" data-id=\"49d3711\" data-element_type=\"widget\" data-e-type=\"widget\" data-widget_type=\"text-editor.default\">\n\t\t\t\t<div class=\"elementor-widget-container\">\n\t\t\t\t\t\t\t\t\t<span class=\"h2-small\">Jan Mr\u00e1\u010dek <\/span>\n<h5><span style=\"font-weight: 400;\">The concert master and group leader Jan Mr\u00e1\u010dek is in Czech Philharmonic since 2016. One of the most remarkable talents of his generation since a very young age, he studied with Magdal\u00e9na Mickov\u00e1 and later on with Ji\u0159\u00ed Fi\u0161er. He regularly attended the courses of Czech violinist V\u00e1clav Hude\u010dek, which paved the path to a long-term fruitful cooperation. Among his biggest successes are the first prize at the International Violin Competition Beethoven\u2019s Hradec with the Dvo\u0159\u00e1k concerto in 2009 and he was the youngest laureate of the Prague Spring International Festival competition in 2010. He won the first prize at the Fritz Kreisler International Violin Competition at the Vienna Konzerthaus in 2014.<\/span><\/h5>\n<h5><span style=\"font-weight: 400;\">In 2011, he became the youngest soloist in the history of the Prague Radio Symphony Orchestra. As a soloist, he has performed with the Kuopio Symphony Orchestra and Romanian Radio Symphony, both with Sascha Goetzel, Lappeenranta City Orchestra (Finland), Prague Symphony Orchestra (FOK) as well as the Czech Philharmonic.\nIn 2014, he won the third prize at Anton\u00edn Dvo\u0159\u00e1k International Chamber Music Competition and the first prize and the audience prize at the International Johannes Brahms Competition in P\u00f6rtschachu (Austria) with the Lobkowicz Trio.<\/span><\/h5>\t\t\t\t\t\t\t\t<\/div>\n\t\t\t\t<\/div>\n\t\t\t\t\t<\/div>\n\t\t<\/div>\n\t\t\t\t\t<\/div>\n\t\t<\/section>\n\t\t\t\t<section class=\"elementor-section elementor-top-section elementor-element elementor-element-d943ec2 elementor-section-boxed elementor-section-height-default elementor-section-height-default\" data-id=\"d943ec2\" data-element_type=\"section\" data-e-type=\"section\">\n\t\t\t\t\t\t<div class=\"elementor-container elementor-column-gap-default\">\n\t\t\t\t\t<div class=\"elementor-column elementor-col-100 elementor-top-column elementor-element elementor-element-65dc516\" data-id=\"65dc516\" data-element_type=\"column\" data-e-type=\"column\">\n\t\t\t<div class=\"elementor-widget-wrap elementor-element-populated\">\n\t\t\t\t\t\t<div class=\"elementor-element elementor-element-648947b elementor-widget elementor-widget-image\" data-id=\"648947b\" data-element_type=\"widget\" data-e-type=\"widget\" data-widget_type=\"image.default\">\n\t\t\t\t<div class=\"elementor-widget-container\">\n\t\t\t\t\t\t\t\t\t\t\t\t\t\t\t<img loading=\"lazy\" decoding=\"async\" width=\"1600\" height=\"900\" src=\"https:\/\/variace.kviff.com\/wp-content\/uploads\/2024\/10\/variace-detail-portret-vasilek.jpg\" class=\"attachment-full size-full wp-image-5413\" alt=\"\" srcset=\"https:\/\/variace.kviff.com\/wp-content\/uploads\/2024\/10\/variace-detail-portret-vasilek.jpg 1600w, https:\/\/variace.kviff.com\/wp-content\/uploads\/2024\/10\/variace-detail-portret-vasilek-300x169.jpg 300w, https:\/\/variace.kviff.com\/wp-content\/uploads\/2024\/10\/variace-detail-portret-vasilek-1024x576.jpg 1024w, https:\/\/variace.kviff.com\/wp-content\/uploads\/2024\/10\/variace-detail-portret-vasilek-768x432.jpg 768w, https:\/\/variace.kviff.com\/wp-content\/uploads\/2024\/10\/variace-detail-portret-vasilek-1536x864.jpg 1536w\" sizes=\"(max-width: 1600px) 100vw, 1600px\" \/>\t\t\t\t\t\t\t\t\t\t\t\t\t\t\t<\/div>\n\t\t\t\t<\/div>\n\t\t\t\t<div class=\"elementor-element elementor-element-04235c0 elementor-widget elementor-widget-text-editor\" data-id=\"04235c0\" data-element_type=\"widget\" data-e-type=\"widget\" data-widget_type=\"text-editor.default\">\n\t\t\t\t<div class=\"elementor-widget-container\">\n\t\t\t\t\t\t\t\t\t<p><span class=\"h2-small\">Luk\u00e1\u0161 Vasilek <\/span><\/p><h5><span style=\"font-weight: 400;\">Luk\u00e1\u0161 Vasilek studied conducting (at the Academy of Performing Arts, Prague) and musicology (at Charles University, Prague). Since 2007, Luk\u00e1\u0161 Vasilek has been the principal conductor of the Prague Philharmonic Choir, which he has guided in the majority of the activities in the Czech Republic and abroad, cooperating with world-renowned conductors. As a conductor or choirmaster, he has participated in numerous recordings the Prague Philharmonic Choir has made for prestigious labels. Besides leading the Prague Philharmonic Choir, Luk\u00e1\u0161 Vasilek has worked with Martin\u016f Voices, a vocal ensemble he himself founded in 2010. In recent years, Luk\u00e1\u0161 Vasilek has systematically devoted to recording Bohuslav Martin\u016f\u2019s choral music. His albums featuring the composer\u2019s cantatas met with great international critical response and received prestigious accolades from Gramophone, the BBC Music Magazine and Diapason. The recording of Martin\u016f\u2019s chamber cantatas was also nominated for the BBC Music Magazine Awards 2018.<\/span><\/h5><p>\u00a0<\/p><p>\u00a0<\/p>\t\t\t\t\t\t\t\t<\/div>\n\t\t\t\t<\/div>\n\t\t\t\t\t<\/div>\n\t\t<\/div>\n\t\t\t\t\t<\/div>\n\t\t<\/section>\n\t\t\t\t<section class=\"elementor-section elementor-top-section elementor-element elementor-element-bf1a853 elementor-section-boxed elementor-section-height-default elementor-section-height-default\" data-id=\"bf1a853\" data-element_type=\"section\" data-e-type=\"section\">\n\t\t\t\t\t\t<div class=\"elementor-container elementor-column-gap-default\">\n\t\t\t\t\t<div class=\"elementor-column elementor-col-100 elementor-top-column elementor-element elementor-element-88f70f9\" data-id=\"88f70f9\" data-element_type=\"column\" data-e-type=\"column\">\n\t\t\t<div class=\"elementor-widget-wrap elementor-element-populated\">\n\t\t\t\t\t\t<div class=\"elementor-element elementor-element-446e1f4 elementor-widget elementor-widget-button\" data-id=\"446e1f4\" data-element_type=\"widget\" data-e-type=\"widget\" data-widget_type=\"button.default\">\n\t\t\t\t<div class=\"elementor-widget-container\">\n\t\t\t\t\t\t\t\t\t<div class=\"elementor-button-wrapper\">\n\t\t\t\t\t<a class=\"elementor-button elementor-button-link elementor-size-md\" href=\"https:\/\/variace.kviff.com\/en\/en-2023\/#program\">\n\t\t\t\t\t\t<span class=\"elementor-button-content-wrapper\">\n\t\t\t\t\t\t\t\t\t<span class=\"elementor-button-text\">Back to Program<\/span>\n\t\t\t\t\t<\/span>\n\t\t\t\t\t<\/a>\n\t\t\t\t<\/div>\n\t\t\t\t\t\t\t\t<\/div>\n\t\t\t\t<\/div>\n\t\t\t\t\t<\/div>\n\t\t<\/div>\n\t\t\t\t\t<\/div>\n\t\t<\/section>\n\t\t\t\t<\/div>","protected":false},"excerpt":{"rendered":"<p>Czech Philharmonic: Leo\u0161 Jan\u00e1\u010dek and Anton\u00edn Dvo\u0159\u00e1k Friday, November 22 \/ 7pm \/ Grand Hall, Hotel Thermal Dress code: Black Tie Tickets A Czech Philharmonic program prepared exclusively for its resi-dence at Carnegie Hall in New York. This will be the philharmonic\u2019s only Czech performance of Jan\u00e1\u010dek\u2019s Glagolitic Mass and Dvo\u0159\u00e1k\u2019s Violin Concerto in A [&hellip;]<\/p>\n","protected":false},"author":1,"featured_media":3918,"parent":0,"menu_order":0,"comment_status":"closed","ping_status":"closed","template":"","meta":{"_seopress_robots_primary_cat":"","_seopress_titles_title":"Haydn, Mozart, Beethoven v C\u00edsa\u0159sk\u00fdch l\u00e1zn\u00edch \/ Variace 2023 \/ Karlovy Vary","_seopress_titles_desc":"P\u00e1tek 24. listopadu \/ 19:00 \/ C\u00edsa\u0159sk\u00e9 l\u00e1zn\u011b Koncert, b\u011bhem kter\u00e9ho zazn\u00ed d\u00edla Haydna, Mozarta i Beethovena, lze bez nads\u00e1zky ozna\u010dit jako oslavu klasicismu. Hr\u00e1t bude \u010cesk\u00e1 filharmonie pod veden\u00edm dirigenta Tom\u00e1\u0161e Netopila a vystoup\u00ed i sopranistka Kate\u0159ina Kn\u011b\u017e\u00edkov\u00e1 a tenor Petr Nekoranec.","_seopress_robots_index":"","footnotes":""},"class_list":["post-5233","page","type-page","status-publish","has-post-thumbnail","hentry"],"_links":{"self":[{"href":"https:\/\/variace.kviff.com\/en\/wp-json\/wp\/v2\/pages\/5233","targetHints":{"allow":["GET"]}}],"collection":[{"href":"https:\/\/variace.kviff.com\/en\/wp-json\/wp\/v2\/pages"}],"about":[{"href":"https:\/\/variace.kviff.com\/en\/wp-json\/wp\/v2\/types\/page"}],"author":[{"embeddable":true,"href":"https:\/\/variace.kviff.com\/en\/wp-json\/wp\/v2\/users\/1"}],"replies":[{"embeddable":true,"href":"https:\/\/variace.kviff.com\/en\/wp-json\/wp\/v2\/comments?post=5233"}],"version-history":[{"count":89,"href":"https:\/\/variace.kviff.com\/en\/wp-json\/wp\/v2\/pages\/5233\/revisions"}],"predecessor-version":[{"id":6868,"href":"https:\/\/variace.kviff.com\/en\/wp-json\/wp\/v2\/pages\/5233\/revisions\/6868"}],"wp:featuredmedia":[{"embeddable":true,"href":"https:\/\/variace.kviff.com\/en\/wp-json\/wp\/v2\/media\/3918"}],"wp:attachment":[{"href":"https:\/\/variace.kviff.com\/en\/wp-json\/wp\/v2\/media?parent=5233"}],"curies":[{"name":"wp","href":"https:\/\/api.w.org\/{rel}","templated":true}]}}