{"id":5252,"date":"2024-09-30T14:33:16","date_gmt":"2024-09-30T14:33:16","guid":{"rendered":"https:\/\/variace.kviff.com\/?page_id=5252"},"modified":"2025-10-18T15:30:48","modified_gmt":"2025-10-18T15:30:48","slug":"ceska-filharmonie-leos-janacek-a-antonin-dvorak-2024","status":"publish","type":"page","link":"https:\/\/variace.kviff.com\/en\/ceska-filharmonie-leos-janacek-a-antonin-dvorak-2024\/","title":{"rendered":"Czech Philharmonic: Leo\u0161 Jan\u00e1\u010dek and Anton\u00edn Dvo\u0159\u00e1k"},"content":{"rendered":"<div data-elementor-type=\"wp-page\" data-elementor-id=\"5252\" class=\"elementor elementor-5252\" data-elementor-post-type=\"page\">\n\t\t\t\t\t\t<section class=\"elementor-section elementor-top-section elementor-element elementor-element-0f5b2e3 elementor-section-full_width elementor-hidden-tablet elementor-hidden-mobile elementor-section-height-default elementor-section-height-default\" data-id=\"0f5b2e3\" data-element_type=\"section\" data-e-type=\"section\">\n\t\t\t\t\t\t<div class=\"elementor-container elementor-column-gap-no\">\n\t\t\t\t\t<div class=\"elementor-column elementor-col-100 elementor-top-column elementor-element elementor-element-fe034cc\" data-id=\"fe034cc\" data-element_type=\"column\" data-e-type=\"column\">\n\t\t\t<div class=\"elementor-widget-wrap elementor-element-populated\">\n\t\t\t\t\t\t<div class=\"elementor-element elementor-element-0a0297f elementor-widget elementor-widget-image\" data-id=\"0a0297f\" data-element_type=\"widget\" data-e-type=\"widget\" data-widget_type=\"image.default\">\n\t\t\t\t<div class=\"elementor-widget-container\">\n\t\t\t\t\t\t\t\t\t\t\t\t\t\t\t<img fetchpriority=\"high\" decoding=\"async\" width=\"1920\" height=\"750\" src=\"https:\/\/variace.kviff.com\/wp-content\/uploads\/2024\/10\/variace-kviff-detail-2024-janacek-dvorak-pa-19.jpg\" class=\"attachment-full size-full wp-image-5369\" alt=\"\" srcset=\"https:\/\/variace.kviff.com\/wp-content\/uploads\/2024\/10\/variace-kviff-detail-2024-janacek-dvorak-pa-19.jpg 1920w, https:\/\/variace.kviff.com\/wp-content\/uploads\/2024\/10\/variace-kviff-detail-2024-janacek-dvorak-pa-19-300x117.jpg 300w, https:\/\/variace.kviff.com\/wp-content\/uploads\/2024\/10\/variace-kviff-detail-2024-janacek-dvorak-pa-19-1024x400.jpg 1024w, https:\/\/variace.kviff.com\/wp-content\/uploads\/2024\/10\/variace-kviff-detail-2024-janacek-dvorak-pa-19-768x300.jpg 768w, https:\/\/variace.kviff.com\/wp-content\/uploads\/2024\/10\/variace-kviff-detail-2024-janacek-dvorak-pa-19-1536x600.jpg 1536w\" sizes=\"(max-width: 1920px) 100vw, 1920px\" \/>\t\t\t\t\t\t\t\t\t\t\t\t\t\t\t<\/div>\n\t\t\t\t<\/div>\n\t\t\t\t\t<\/div>\n\t\t<\/div>\n\t\t\t\t\t<\/div>\n\t\t<\/section>\n\t\t\t\t<section class=\"elementor-section elementor-top-section elementor-element elementor-element-bd8c347 elementor-section-full_width elementor-hidden-desktop elementor-section-height-default elementor-section-height-default\" data-id=\"bd8c347\" data-element_type=\"section\" data-e-type=\"section\">\n\t\t\t\t\t\t<div class=\"elementor-container elementor-column-gap-no\">\n\t\t\t\t\t<div class=\"elementor-column elementor-col-100 elementor-top-column elementor-element elementor-element-9bfccd1\" data-id=\"9bfccd1\" data-element_type=\"column\" data-e-type=\"column\">\n\t\t\t<div class=\"elementor-widget-wrap elementor-element-populated\">\n\t\t\t\t\t\t<div class=\"elementor-element elementor-element-7eb5f4b elementor-widget elementor-widget-image\" data-id=\"7eb5f4b\" data-element_type=\"widget\" data-e-type=\"widget\" data-widget_type=\"image.default\">\n\t\t\t\t<div class=\"elementor-widget-container\">\n\t\t\t\t\t\t\t\t\t\t\t\t\t\t\t<img decoding=\"async\" width=\"1920\" height=\"1080\" src=\"https:\/\/variace.kviff.com\/wp-content\/uploads\/2024\/10\/variace-kviff-detail-full-2024-janacek-dvorak-pa-19.jpg\" class=\"attachment-full size-full wp-image-5361\" alt=\"\" srcset=\"https:\/\/variace.kviff.com\/wp-content\/uploads\/2024\/10\/variace-kviff-detail-full-2024-janacek-dvorak-pa-19.jpg 1920w, https:\/\/variace.kviff.com\/wp-content\/uploads\/2024\/10\/variace-kviff-detail-full-2024-janacek-dvorak-pa-19-300x169.jpg 300w, https:\/\/variace.kviff.com\/wp-content\/uploads\/2024\/10\/variace-kviff-detail-full-2024-janacek-dvorak-pa-19-1024x576.jpg 1024w, https:\/\/variace.kviff.com\/wp-content\/uploads\/2024\/10\/variace-kviff-detail-full-2024-janacek-dvorak-pa-19-768x432.jpg 768w, https:\/\/variace.kviff.com\/wp-content\/uploads\/2024\/10\/variace-kviff-detail-full-2024-janacek-dvorak-pa-19-1536x864.jpg 1536w\" sizes=\"(max-width: 1920px) 100vw, 1920px\" \/>\t\t\t\t\t\t\t\t\t\t\t\t\t\t\t<\/div>\n\t\t\t\t<\/div>\n\t\t\t\t\t<\/div>\n\t\t<\/div>\n\t\t\t\t\t<\/div>\n\t\t<\/section>\n\t\t\t\t<section class=\"elementor-section elementor-top-section elementor-element elementor-element-7976097 elementor-section-boxed elementor-section-height-default elementor-section-height-default\" data-id=\"7976097\" data-element_type=\"section\" data-e-type=\"section\">\n\t\t\t\t\t\t<div class=\"elementor-container elementor-column-gap-default\">\n\t\t\t\t\t<div class=\"elementor-column elementor-col-100 elementor-top-column elementor-element elementor-element-c9f0559\" data-id=\"c9f0559\" data-element_type=\"column\" data-e-type=\"column\">\n\t\t\t<div class=\"elementor-widget-wrap elementor-element-populated\">\n\t\t\t\t\t\t<div class=\"elementor-element elementor-element-f237748 elementor-widget elementor-widget-text-editor\" data-id=\"f237748\" data-element_type=\"widget\" data-e-type=\"widget\" data-widget_type=\"text-editor.default\">\n\t\t\t\t<div class=\"elementor-widget-container\">\n\t\t\t\t\t\t\t\t\t<h1><span style=\"font-weight: 400;\">Czech Philharmonic: Leo\u0161 Jan\u00e1\u010dek and Anton\u00edn Dvo\u0159\u00e1k<\/span><\/h1>\t\t\t\t\t\t\t\t<\/div>\n\t\t\t\t<\/div>\n\t\t\t\t<div class=\"elementor-element elementor-element-c23792d elementor-widget elementor-widget-text-editor\" data-id=\"c23792d\" data-element_type=\"widget\" data-e-type=\"widget\" data-widget_type=\"text-editor.default\">\n\t\t\t\t<div class=\"elementor-widget-container\">\n\t\t\t\t\t\t\t\t\t<p><span style=\"font-weight: 400;\">P\u00e1tek 22. listopadu 2024 \/ 19:00 \/ Hotel Thermal, Velk\u00fd s\u00e1l\u00a0<\/span><\/p><p>Dress code: Black Tie<\/p>\t\t\t\t\t\t\t\t<\/div>\n\t\t\t\t<\/div>\n\t\t\t\t<div class=\"elementor-element elementor-element-172b195 elementor-widget elementor-widget-html\" data-id=\"172b195\" data-element_type=\"widget\" data-e-type=\"widget\" data-widget_type=\"html.default\">\n\t\t\t\t<div class=\"elementor-widget-container\">\n\t\t\t\t\t<script src=\"https:\/\/partners.goout.net\/framework\/auto.js\"\n        id=\"goOutScript\"\n        type=\"text\/javascript\"\n        data-contact=\"3157\"\n        data-sale=\"https:\/\/goout.net\/cs\/listky\/variace-2024-ceska-filharmonie-janacek-a-dvorak\/hmxab\/\">\n<\/script>\t\t\t\t<\/div>\n\t\t\t\t<\/div>\n\t\t\t\t<div class=\"elementor-element elementor-element-b198324 elementor-hidden-desktop elementor-hidden-tablet elementor-hidden-mobile elementor-widget elementor-widget-button\" data-id=\"b198324\" data-element_type=\"widget\" data-e-type=\"widget\" data-widget_type=\"button.default\">\n\t\t\t\t<div class=\"elementor-widget-container\">\n\t\t\t\t\t\t\t\t\t<div class=\"elementor-button-wrapper\">\n\t\t\t\t\t<a class=\"elementor-button elementor-button-link elementor-size-md\" href=\"https:\/\/tickets.colosseum.eu\/cl\/standard\/Hall\/Index\/2248723\/cKn7Yxw5zv41fq_plu_0HgEJ_plu_Q_rov__rov__xcodex_AGA1gFbU4wgBIP2KD3RLBkTuI7p0szdqLSIVZA__\" target=\"_blank\">\n\t\t\t\t\t\t<span class=\"elementor-button-content-wrapper\">\n\t\t\t\t\t\t\t\t\t<span class=\"elementor-button-text\">Tickets<\/span>\n\t\t\t\t\t<\/span>\n\t\t\t\t\t<\/a>\n\t\t\t\t<\/div>\n\t\t\t\t\t\t\t\t<\/div>\n\t\t\t\t<\/div>\n\t\t\t\t\t<\/div>\n\t\t<\/div>\n\t\t\t\t\t<\/div>\n\t\t<\/section>\n\t\t\t\t<section class=\"elementor-section elementor-top-section elementor-element elementor-element-9829579 elementor-section-boxed elementor-section-height-default elementor-section-height-default\" data-id=\"9829579\" data-element_type=\"section\" data-e-type=\"section\">\n\t\t\t\t\t\t<div class=\"elementor-container elementor-column-gap-default\">\n\t\t\t\t\t<div class=\"elementor-column elementor-col-100 elementor-top-column elementor-element elementor-element-5eb0a7d\" data-id=\"5eb0a7d\" data-element_type=\"column\" data-e-type=\"column\">\n\t\t\t<div class=\"elementor-widget-wrap elementor-element-populated\">\n\t\t\t\t\t\t<div class=\"elementor-element elementor-element-eabbc5f elementor-widget elementor-widget-text-editor\" data-id=\"eabbc5f\" data-element_type=\"widget\" data-e-type=\"widget\" data-widget_type=\"text-editor.default\">\n\t\t\t\t<div class=\"elementor-widget-container\">\n\t\t\t\t\t\t\t\t\t<span class=\"h3-small\" style=\"font-weight: 400;\">A Czech Philharmonic program prepared exclusively for its residence at Carnegie Hall in New York. This will be the philharmonic\u2019s only Czech performance of Jan\u00e1\u010dek\u2019s Glagolitic Mass and Dvo\u0159\u00e1k\u2019s Violin Concerto in A minor, Semyon Bychkov conducting.<\/span>\n\n&nbsp;\n\n&nbsp;\t\t\t\t\t\t\t\t<\/div>\n\t\t\t\t<\/div>\n\t\t\t\t\t<\/div>\n\t\t<\/div>\n\t\t\t\t\t<\/div>\n\t\t<\/section>\n\t\t\t\t<section class=\"elementor-section elementor-top-section elementor-element elementor-element-c1f38de elementor-section-boxed elementor-section-height-default elementor-section-height-default\" data-id=\"c1f38de\" data-element_type=\"section\" data-e-type=\"section\">\n\t\t\t\t\t\t<div class=\"elementor-container elementor-column-gap-default\">\n\t\t\t\t\t<div class=\"elementor-column elementor-col-100 elementor-top-column elementor-element elementor-element-d9b8fc5\" data-id=\"d9b8fc5\" data-element_type=\"column\" data-e-type=\"column\">\n\t\t\t<div class=\"elementor-widget-wrap elementor-element-populated\">\n\t\t\t\t\t\t<div class=\"elementor-element elementor-element-d5c13d0 elementor-widget elementor-widget-text-editor\" data-id=\"d5c13d0\" data-element_type=\"widget\" data-e-type=\"widget\" data-widget_type=\"text-editor.default\">\n\t\t\t\t<div class=\"elementor-widget-container\">\n\t\t\t\t\t\t\t\t\t<h6>Program:<\/h6><h5>Anton\u00edn Dvo\u0159\u00e1k (1841\u20131904): Violin Concerto in A minor, Op. 53<br \/><em>Allegro ma non troppo (att.)<\/em><br \/><em>Adagio ma non troppo<\/em><br \/><em>Finale. Allegro giocoso, ma non troppo<\/em><br \/>Leo\u0161 Jan\u00e1\u010dek (1854\u20131928): Glagolitic Mass, cantata for soloists, choir, orchestra and organ<br \/><em>About<\/em><br \/><em>Gospodi pomiluj<\/em><br \/><em>Slava<\/em><br \/><em>V\u011bruju<\/em><br \/><em>Svet<\/em><br \/><em>Agne\u010de Bo\u017eij<\/em><br \/><em>Postludium (varhany s\u00f3lo)<\/em><br \/><em>Intrada \u2013 Exodus<\/em><\/h5><h6>Performed by:<\/h6><h5>Czech Philharmonic:<br \/>violin \u2013 Jan Mr\u00e1\u010dek<br \/>soprano \u2013 Lyubov Petrova<br \/>mezzosoprano \u2013 Lucie Hilscherov\u00e1<br \/>tenor \u2013 Ale\u0161 Briscein<br \/>bass \u2013 David Leigh<br \/>organ \u2013 Daniela Valtov\u00e1 Kosinov\u00e1<\/h5><h5>Prague Philharmonic Choir:<br \/>choirmaster \u2013 Luk\u00e1\u0161 Vasilek<\/h5><h6>CONDUCTOR:<\/h6><h5>Semyon Bychkov<\/h5>\t\t\t\t\t\t\t\t<\/div>\n\t\t\t\t<\/div>\n\t\t\t\t\t<\/div>\n\t\t<\/div>\n\t\t\t\t\t<\/div>\n\t\t<\/section>\n\t\t\t\t<section class=\"elementor-section elementor-top-section elementor-element elementor-element-65c6d37 elementor-section-boxed elementor-section-height-default elementor-section-height-default\" data-id=\"65c6d37\" data-element_type=\"section\" data-e-type=\"section\">\n\t\t\t\t\t\t<div class=\"elementor-container elementor-column-gap-default\">\n\t\t\t\t\t<div class=\"elementor-column elementor-col-100 elementor-top-column elementor-element elementor-element-8263b14\" data-id=\"8263b14\" data-element_type=\"column\" data-e-type=\"column\">\n\t\t\t<div class=\"elementor-widget-wrap elementor-element-populated\">\n\t\t\t\t\t\t<div class=\"elementor-element elementor-element-fd14483 elementor-widget elementor-widget-text-editor\" data-id=\"fd14483\" data-element_type=\"widget\" data-e-type=\"widget\" data-widget_type=\"text-editor.default\">\n\t\t\t\t<div class=\"elementor-widget-container\">\n\t\t\t\t\t\t\t\t\t<span class=\"h2-small\" style=\"font-weight: 400;\">About program\n<\/span>\n<h5><span style=\"font-weight: 400;\">Dvo\u0159\u00e1k\u016fv Koncert pro housle a orchestr a moll, op. 53 se stal jedn\u00edm ze skladatelov\u00fdch nejproslulej\u0161\u00edch a nejobl\u00edben\u011bj\u0161\u00edch d\u011bl, jeho cesta na koncertn\u00ed p\u00f3dium v\u0161ak trvala n\u011bkolik let. Koncert vznikal v dob\u011b, kdy u\u017e skladatel\u00e9 opou\u0161t\u011bli \u010dist\u011b virtu\u00f3zn\u00ed pojet\u00ed s\u00f3listick\u00e9ho partu a orchestr hr\u00e1l v takov\u00fdch skladb\u00e1ch pouze doprovodnou roli. Nyn\u00ed hledali cestu my\u0161lenkov\u00e9mu a v\u00fdrazov\u00e9mu propojen\u00ed obou slo\u017eek. V listopadu 1882 byl koncert uveden neve\u0159ejn\u011b s orchestrem Kr\u00e1lovsk\u00e9 vysok\u00e9 hudebn\u00ed \u0161koly v Berl\u00edn\u011b. S\u00f3listou ofici\u00e1ln\u00ed premi\u00e9ry 14. \u0159\u00edjna 1883 v Praze s orchestrem N\u00e1rodn\u00edho divadla a dirigentem Mo\u0159icem Angerem byl Franti\u0161ek Ond\u0159\u00ed\u010dek, kter\u00fd se stal horliv\u00fdm propag\u00e1torem a obh\u00e1jcem d\u00edla.\nLeo\u0161 Jan\u00e1\u010dek je mezi tv\u016fr\u010d\u00edmi osobnostmi pozoruhodn\u00fd t\u00edm, \u017ee \u010d\u00edm byl star\u0161\u00ed, t\u00edm \u201emlad\u0161\u00ed\u201c, sv\u00e9bytn\u011bj\u0161\u00ed a modern\u011bj\u0161\u00ed hudbu psal. Mo\u017en\u00e1 pr\u00e1v\u011b proto, \u017ee v\u0161e ztratil. Osudem krut\u011b osvobozen od vazeb a ohled\u016f na rodi\u010de i na potomky, mohl skute\u010dn\u011b naj\u00edt s\u00e1m sebe. Odhodil konvence, sna\u017eil se dobrat podstaty. Jan\u00e1\u010dkova Glagolsk\u00e1 m\u0161e pat\u0159\u00ed k nejsiln\u011bj\u0161\u00edm duchovn\u00edm skladb\u00e1m hudebn\u00edch d\u011bjin v\u016fbec. Dvaasedmdes\u00e1tilet\u00fd autor ji napsal na staroslov\u011bnsk\u00fd text v roce 1926 ve sv\u00fdch obl\u00edben\u00fdch l\u00e1zn\u00edch Luha\u010dovice. Celou m\u0161i na\u010drtl b\u011bhem t\u0159\u00ed t\u00fddn\u016f! Skladbu dokon\u010doval do \u0159\u00edjna 1926. Dal\u0161\u00ed dost podstatn\u00e9 zm\u011bny u\u010dinil po premi\u00e9\u0159e, kter\u00e1 se konala 5. prosince 1927 v Brn\u011b.\n\n<\/span><\/h5>\n&nbsp;\n\n&nbsp;\t\t\t\t\t\t\t\t<\/div>\n\t\t\t\t<\/div>\n\t\t\t\t\t<\/div>\n\t\t<\/div>\n\t\t\t\t\t<\/div>\n\t\t<\/section>\n\t\t\t\t<section class=\"elementor-section elementor-top-section elementor-element elementor-element-dd5712c elementor-section-boxed elementor-section-height-default elementor-section-height-default\" data-id=\"dd5712c\" data-element_type=\"section\" data-e-type=\"section\">\n\t\t\t\t\t\t<div class=\"elementor-container elementor-column-gap-default\">\n\t\t\t\t\t<div class=\"elementor-column elementor-col-100 elementor-top-column elementor-element elementor-element-b5f4952\" data-id=\"b5f4952\" data-element_type=\"column\" data-e-type=\"column\">\n\t\t\t<div class=\"elementor-widget-wrap elementor-element-populated\">\n\t\t\t\t\t\t<div class=\"elementor-element elementor-element-4474e1f elementor-widget elementor-widget-image\" data-id=\"4474e1f\" data-element_type=\"widget\" data-e-type=\"widget\" data-widget_type=\"image.default\">\n\t\t\t\t<div class=\"elementor-widget-container\">\n\t\t\t\t\t\t\t\t\t\t\t\t\t\t\t<img decoding=\"async\" width=\"1600\" height=\"900\" src=\"https:\/\/variace.kviff.com\/wp-content\/uploads\/2024\/10\/variace-detail-portret-byckov.jpg\" class=\"attachment-full size-full wp-image-5416\" alt=\"\" srcset=\"https:\/\/variace.kviff.com\/wp-content\/uploads\/2024\/10\/variace-detail-portret-byckov.jpg 1600w, https:\/\/variace.kviff.com\/wp-content\/uploads\/2024\/10\/variace-detail-portret-byckov-300x169.jpg 300w, https:\/\/variace.kviff.com\/wp-content\/uploads\/2024\/10\/variace-detail-portret-byckov-1024x576.jpg 1024w, https:\/\/variace.kviff.com\/wp-content\/uploads\/2024\/10\/variace-detail-portret-byckov-768x432.jpg 768w, https:\/\/variace.kviff.com\/wp-content\/uploads\/2024\/10\/variace-detail-portret-byckov-1536x864.jpg 1536w\" sizes=\"(max-width: 1600px) 100vw, 1600px\" \/>\t\t\t\t\t\t\t\t\t\t\t\t\t\t\t<\/div>\n\t\t\t\t<\/div>\n\t\t\t\t<div class=\"elementor-element elementor-element-bfc73ba elementor-widget elementor-widget-text-editor\" data-id=\"bfc73ba\" data-element_type=\"widget\" data-e-type=\"widget\" data-widget_type=\"text-editor.default\">\n\t\t\t\t<div class=\"elementor-widget-container\">\n\t\t\t\t\t\t\t\t\t<span class=\"h2-small\">Semyon Bychkov<\/span>\n<h5><span style=\"font-weight: 400;\">Semjon By\u010dkov je \u0161\u00e9fdirigent a hudebn\u00ed \u0159editel \u010cesk\u00e9 filharmonie.\nV sezon\u011b 2023\/2024 dirigoval \u010ceskou filharmonii nejen v pra\u017esk\u00e9m Rudolfinu \u2013 s dvo\u0159\u00e1kovsk\u00fdmi programy zav\u00edtal do Koreje a Japonska, na ja\u0159e vedl orchestr na velk\u00e9m evropsk\u00e9m turn\u00e9. V prosinci vyvrchol\u00ed Rok \u010desk\u00e9 hudby 2024 t\u0159emi spole\u010dn\u00fdmi koncerty v Carnegie Hall v New Yorku. \nMezi v\u00fdznamn\u00e9 spole\u010dn\u00e9 po\u010diny Semjona By\u010dkova a \u010cesk\u00e9 filharmonie pat\u0159\u00ed dokon\u010den\u00ed kompletu sedmi CD v\u011bnovan\u00fdch \u010cajkovsk\u00e9ho symfonick\u00e9mu reperto\u00e1ru a s\u00e9rie mezin\u00e1rodn\u00edch rezidenc\u00ed. By\u010dkov hostuje u v\u00fdznamn\u00fdch sv\u011btov\u00fdch orchestr\u016f a v opern\u00edch domech, je tak\u00e9 dr\u017eitelem \u010destn\u00fdch titul\u016f u lond\u00fdnsk\u00fdch BBC Symphony Orchestra a Royal Academy of Music, kter\u00e1 mu ned\u00e1vno ud\u011blila \u010destn\u00fd doktor\u00e1t. By\u010dkov byl dvakr\u00e1t vyhl\u00e1\u0161en \u201eDirigentem roku\u201c \u2013 v roce 2015 v r\u00e1mci International Opera Awards a v roce 2022 serverem Musical America.\n<\/span><\/h5>\t\t\t\t\t\t\t\t<\/div>\n\t\t\t\t<\/div>\n\t\t\t\t\t<\/div>\n\t\t<\/div>\n\t\t\t\t\t<\/div>\n\t\t<\/section>\n\t\t\t\t<section class=\"elementor-section elementor-top-section elementor-element elementor-element-726650c elementor-section-boxed elementor-section-height-default elementor-section-height-default\" data-id=\"726650c\" data-element_type=\"section\" data-e-type=\"section\">\n\t\t\t\t\t\t<div class=\"elementor-container elementor-column-gap-default\">\n\t\t\t\t\t<div class=\"elementor-column elementor-col-100 elementor-top-column elementor-element elementor-element-b0fee17\" data-id=\"b0fee17\" data-element_type=\"column\" data-e-type=\"column\">\n\t\t\t<div class=\"elementor-widget-wrap elementor-element-populated\">\n\t\t\t\t\t\t<div class=\"elementor-element elementor-element-75a0bd6 elementor-widget elementor-widget-image\" data-id=\"75a0bd6\" data-element_type=\"widget\" data-e-type=\"widget\" data-widget_type=\"image.default\">\n\t\t\t\t<div class=\"elementor-widget-container\">\n\t\t\t\t\t\t\t\t\t\t\t\t\t\t\t<img loading=\"lazy\" decoding=\"async\" width=\"1600\" height=\"900\" src=\"https:\/\/variace.kviff.com\/wp-content\/uploads\/2024\/10\/variace-detail-portret-jan-mracek.jpg\" class=\"attachment-full size-full wp-image-5412\" alt=\"\" srcset=\"https:\/\/variace.kviff.com\/wp-content\/uploads\/2024\/10\/variace-detail-portret-jan-mracek.jpg 1600w, https:\/\/variace.kviff.com\/wp-content\/uploads\/2024\/10\/variace-detail-portret-jan-mracek-300x169.jpg 300w, https:\/\/variace.kviff.com\/wp-content\/uploads\/2024\/10\/variace-detail-portret-jan-mracek-1024x576.jpg 1024w, https:\/\/variace.kviff.com\/wp-content\/uploads\/2024\/10\/variace-detail-portret-jan-mracek-768x432.jpg 768w, https:\/\/variace.kviff.com\/wp-content\/uploads\/2024\/10\/variace-detail-portret-jan-mracek-1536x864.jpg 1536w\" sizes=\"(max-width: 1600px) 100vw, 1600px\" \/>\t\t\t\t\t\t\t\t\t\t\t\t\t\t\t<\/div>\n\t\t\t\t<\/div>\n\t\t\t\t<div class=\"elementor-element elementor-element-49d3711 elementor-widget elementor-widget-text-editor\" data-id=\"49d3711\" data-element_type=\"widget\" data-e-type=\"widget\" data-widget_type=\"text-editor.default\">\n\t\t\t\t<div class=\"elementor-widget-container\">\n\t\t\t\t\t\t\t\t\t<span class=\"h2-small\">Jan Mr\u00e1\u010dek<\/span>\n<h5><span style=\"font-weight: 400;\">Koncertn\u00ed mistr Jan Mr\u00e1\u010dek je \u010dlenem \u010cesk\u00e9 filharmonie od roku 2016. Vystupuje tak\u00e9 se souborem Lobkowicz Trio, se kter\u00fdm v roce 2014 z\u00edskal 3. cenu na Mezin\u00e1rodn\u00ed sout\u011b\u017ei komorn\u00ed hudby Anton\u00edna Dvo\u0159\u00e1ka a v z\u00e1\u0159\u00ed t\u00e9ho\u017e roku 1. cenu a cenu publika na Mezin\u00e1rodn\u00ed hudebn\u00ed sout\u011b\u017ei Johannesa Brahmse v rakousk\u00e9m P\u00f6rtschachu. Jan Mr\u00e1\u010dek pat\u0159\u00ed od d\u011btstv\u00ed mezi nejv\u00fdrazn\u011bj\u0161\u00ed talenty sv\u00e9 generace. Studoval u Magdal\u00e9ny Mickov\u00e9 a pozd\u011bji Ji\u0159\u00edho Fi\u0161era. Pravideln\u011b nav\u0161t\u011bvoval kurzy V\u00e1clava Hude\u010dka, co\u017e polo\u017eilo z\u00e1klad dlouh\u00e9 a plodn\u00e9 spolupr\u00e1ce. Stal se nejmlad\u0161\u00edm laure\u00e1tem Mezin\u00e1rodn\u00ed sout\u011b\u017ee Pra\u017esk\u00e9ho Jara 2010 a v roce 2014 z\u00edskal prvn\u00ed cenu v Mezin\u00e1rodn\u00ed houslov\u00e9 sout\u011b\u017ei Fritze Kreislera ve V\u00eddni. V roce 2011 se stal nejmlad\u0161\u00edm s\u00f3listou Symfonick\u00e9ho orchestru \u010cesk\u00e9ho rozhlasu. S\u00f3lov\u011b nad\u00e1le koncertuje po cel\u00e9m sv\u011bt\u011b.\n\n<\/span><\/h5>\n&nbsp;\t\t\t\t\t\t\t\t<\/div>\n\t\t\t\t<\/div>\n\t\t\t\t\t<\/div>\n\t\t<\/div>\n\t\t\t\t\t<\/div>\n\t\t<\/section>\n\t\t\t\t<section class=\"elementor-section elementor-top-section elementor-element elementor-element-d943ec2 elementor-section-boxed elementor-section-height-default elementor-section-height-default\" data-id=\"d943ec2\" data-element_type=\"section\" data-e-type=\"section\">\n\t\t\t\t\t\t<div class=\"elementor-container elementor-column-gap-default\">\n\t\t\t\t\t<div class=\"elementor-column elementor-col-100 elementor-top-column elementor-element elementor-element-65dc516\" data-id=\"65dc516\" data-element_type=\"column\" data-e-type=\"column\">\n\t\t\t<div class=\"elementor-widget-wrap elementor-element-populated\">\n\t\t\t\t\t\t<div class=\"elementor-element elementor-element-648947b elementor-widget elementor-widget-image\" data-id=\"648947b\" data-element_type=\"widget\" data-e-type=\"widget\" data-widget_type=\"image.default\">\n\t\t\t\t<div class=\"elementor-widget-container\">\n\t\t\t\t\t\t\t\t\t\t\t\t\t\t\t<img loading=\"lazy\" decoding=\"async\" width=\"1600\" height=\"900\" src=\"https:\/\/variace.kviff.com\/wp-content\/uploads\/2024\/10\/variace-detail-portret-vasilek.jpg\" class=\"attachment-full size-full wp-image-5413\" alt=\"\" srcset=\"https:\/\/variace.kviff.com\/wp-content\/uploads\/2024\/10\/variace-detail-portret-vasilek.jpg 1600w, https:\/\/variace.kviff.com\/wp-content\/uploads\/2024\/10\/variace-detail-portret-vasilek-300x169.jpg 300w, https:\/\/variace.kviff.com\/wp-content\/uploads\/2024\/10\/variace-detail-portret-vasilek-1024x576.jpg 1024w, https:\/\/variace.kviff.com\/wp-content\/uploads\/2024\/10\/variace-detail-portret-vasilek-768x432.jpg 768w, https:\/\/variace.kviff.com\/wp-content\/uploads\/2024\/10\/variace-detail-portret-vasilek-1536x864.jpg 1536w\" sizes=\"(max-width: 1600px) 100vw, 1600px\" \/>\t\t\t\t\t\t\t\t\t\t\t\t\t\t\t<\/div>\n\t\t\t\t<\/div>\n\t\t\t\t<div class=\"elementor-element elementor-element-04235c0 elementor-widget elementor-widget-text-editor\" data-id=\"04235c0\" data-element_type=\"widget\" data-e-type=\"widget\" data-widget_type=\"text-editor.default\">\n\t\t\t\t<div class=\"elementor-widget-container\">\n\t\t\t\t\t\t\t\t\t<span class=\"h2-small\">Luk\u00e1\u0161 Vasilek<\/span>\n<h5><span style=\"font-weight: 400;\">Vystudoval dirigov\u00e1n\u00ed (Akademie m\u00fazick\u00fdch um\u011bn\u00ed, Praha) a hudebn\u00ed v\u011bdu (Univerzita Karlova, Praha). Od roku 2007 je hlavn\u00edm sbormistrem Pra\u017esk\u00e9ho filharmonick\u00e9ho sboru, kter\u00fd vede p\u0159i v\u011bt\u0161in\u011b jeho dom\u00e1c\u00edch i zahrani\u010dn\u00edch aktivit. Spolupracuje p\u0159i tom se sv\u011btov\u011b uzn\u00e1van\u00fdmi dirigenty a orchestry.  Jako dirigent nebo sbormistr je podeps\u00e1n pod celou \u0159adou nahr\u00e1vek Pra\u017esk\u00e9ho filharmonick\u00e9ho sboru po\u0159\u00edzen\u00fdch pro presti\u017en\u00ed sv\u011btov\u00e1 vydavatelstv\u00ed. Je tak\u00e9 um\u011bleck\u00fdm \u0161\u00e9fem vok\u00e1ln\u00edho ans\u00e1mblu Martin\u016f Voices, kter\u00fd zalo\u017eil v roce 2010. V posledn\u00edch letech se soustavn\u011b v\u011bnoval nahr\u00e1v\u00e1n\u00ed sborov\u00e9 tvorby Bohuslava Martin\u016f. Jeho nahr\u00e1vky skladatelov\u00fdch kant\u00e1t (Pra\u017esk\u00fd filharmonick\u00fd sbor) a madrigal\u016f (Martin\u016f Voices) z\u00edskaly mj. ocen\u011bn\u00ed presti\u017en\u00edch \u010dasopis\u016f Gramophone, BBC Music Magazine a Diapason. Nahr\u00e1vka komorn\u00edch kant\u00e1t byla nav\u00edc nominov\u00e1na na \u201eBBC Music Magazine Awards 2018\u201c.\n<\/span><\/h5>\n&nbsp;\n\n&nbsp;\t\t\t\t\t\t\t\t<\/div>\n\t\t\t\t<\/div>\n\t\t\t\t\t<\/div>\n\t\t<\/div>\n\t\t\t\t\t<\/div>\n\t\t<\/section>\n\t\t\t\t<section class=\"elementor-section elementor-top-section elementor-element elementor-element-bf1a853 elementor-section-boxed elementor-section-height-default elementor-section-height-default\" data-id=\"bf1a853\" data-element_type=\"section\" data-e-type=\"section\">\n\t\t\t\t\t\t<div class=\"elementor-container elementor-column-gap-default\">\n\t\t\t\t\t<div class=\"elementor-column elementor-col-100 elementor-top-column elementor-element elementor-element-88f70f9\" data-id=\"88f70f9\" data-element_type=\"column\" data-e-type=\"column\">\n\t\t\t<div class=\"elementor-widget-wrap elementor-element-populated\">\n\t\t\t\t\t\t<div class=\"elementor-element elementor-element-446e1f4 elementor-widget elementor-widget-button\" data-id=\"446e1f4\" data-element_type=\"widget\" data-e-type=\"widget\" data-widget_type=\"button.default\">\n\t\t\t\t<div class=\"elementor-widget-container\">\n\t\t\t\t\t\t\t\t\t<div class=\"elementor-button-wrapper\">\n\t\t\t\t\t<a class=\"elementor-button elementor-button-link elementor-size-md\" href=\"https:\/\/variace.kviff.com\/en\/#program\">\n\t\t\t\t\t\t<span class=\"elementor-button-content-wrapper\">\n\t\t\t\t\t\t\t\t\t<span class=\"elementor-button-text\">Back to program<\/span>\n\t\t\t\t\t<\/span>\n\t\t\t\t\t<\/a>\n\t\t\t\t<\/div>\n\t\t\t\t\t\t\t\t<\/div>\n\t\t\t\t<\/div>\n\t\t\t\t\t<\/div>\n\t\t<\/div>\n\t\t\t\t\t<\/div>\n\t\t<\/section>\n\t\t\t\t<\/div>","protected":false},"excerpt":{"rendered":"<p>P\u00e1tek 22. 11. \/ 19:00 \/ Hotel Thermal, Velk\u00fd s\u00e1l<\/p>","protected":false},"author":1,"featured_media":5312,"parent":0,"menu_order":0,"comment_status":"closed","ping_status":"closed","template":"","meta":{"_seopress_robots_primary_cat":"","_seopress_titles_title":"\u010cesk\u00e1 filharmonie: Leo\u0161 Jan\u00e1\u010dek a Anton\u00edn Dvo\u0159\u00e1k","_seopress_titles_desc":"P\u00e1tek 22. 11. \/ 19:00 \/ Hotel Thermal, Velk\u00fd s\u00e1l","_seopress_robots_index":"","footnotes":""},"class_list":["post-5252","page","type-page","status-publish","has-post-thumbnail","hentry"],"_links":{"self":[{"href":"https:\/\/variace.kviff.com\/en\/wp-json\/wp\/v2\/pages\/5252","targetHints":{"allow":["GET"]}}],"collection":[{"href":"https:\/\/variace.kviff.com\/en\/wp-json\/wp\/v2\/pages"}],"about":[{"href":"https:\/\/variace.kviff.com\/en\/wp-json\/wp\/v2\/types\/page"}],"author":[{"embeddable":true,"href":"https:\/\/variace.kviff.com\/en\/wp-json\/wp\/v2\/users\/1"}],"replies":[{"embeddable":true,"href":"https:\/\/variace.kviff.com\/en\/wp-json\/wp\/v2\/comments?post=5252"}],"version-history":[{"count":117,"href":"https:\/\/variace.kviff.com\/en\/wp-json\/wp\/v2\/pages\/5252\/revisions"}],"predecessor-version":[{"id":7615,"href":"https:\/\/variace.kviff.com\/en\/wp-json\/wp\/v2\/pages\/5252\/revisions\/7615"}],"wp:featuredmedia":[{"embeddable":true,"href":"https:\/\/variace.kviff.com\/en\/wp-json\/wp\/v2\/media\/5312"}],"wp:attachment":[{"href":"https:\/\/variace.kviff.com\/en\/wp-json\/wp\/v2\/media?parent=5252"}],"curies":[{"name":"wp","href":"https:\/\/api.w.org\/{rel}","templated":true}]}}