{"id":5435,"date":"2024-10-01T13:41:56","date_gmt":"2024-10-01T13:41:56","guid":{"rendered":"https:\/\/variace.kviff.com\/?page_id=5435"},"modified":"2024-11-05T18:55:51","modified_gmt":"2024-11-05T18:55:51","slug":"albinoni-dvorak-ve-vridelni-kolonade-2024","status":"publish","type":"page","link":"https:\/\/variace.kviff.com\/en\/albinoni-dvorak-ve-vridelni-kolonade-2024\/","title":{"rendered":"Albinoni and Dvo\u0159\u00e1k at the Thermal Spring Colonnade"},"content":{"rendered":"<div data-elementor-type=\"wp-page\" data-elementor-id=\"5435\" class=\"elementor elementor-5435\" data-elementor-post-type=\"page\">\n\t\t\t\t\t\t<section class=\"elementor-section elementor-top-section elementor-element elementor-element-0f5b2e3 elementor-section-full_width elementor-hidden-tablet elementor-hidden-mobile elementor-section-height-default elementor-section-height-default\" data-id=\"0f5b2e3\" data-element_type=\"section\" data-e-type=\"section\">\n\t\t\t\t\t\t<div class=\"elementor-container elementor-column-gap-no\">\n\t\t\t\t\t<div class=\"elementor-column elementor-col-100 elementor-top-column elementor-element elementor-element-fe034cc\" data-id=\"fe034cc\" data-element_type=\"column\" data-e-type=\"column\">\n\t\t\t<div class=\"elementor-widget-wrap elementor-element-populated\">\n\t\t\t\t\t\t<div class=\"elementor-element elementor-element-0a0297f elementor-widget elementor-widget-image\" data-id=\"0a0297f\" data-element_type=\"widget\" data-e-type=\"widget\" data-widget_type=\"image.default\">\n\t\t\t\t<div class=\"elementor-widget-container\">\n\t\t\t\t\t\t\t\t\t\t\t\t\t\t\t<img fetchpriority=\"high\" decoding=\"async\" width=\"1920\" height=\"750\" src=\"https:\/\/variace.kviff.com\/wp-content\/uploads\/2024\/10\/variace-kviff-detail-2024-albioni-dvorak-so-14.jpg\" class=\"attachment-full size-full wp-image-5373\" alt=\"\" srcset=\"https:\/\/variace.kviff.com\/wp-content\/uploads\/2024\/10\/variace-kviff-detail-2024-albioni-dvorak-so-14.jpg 1920w, https:\/\/variace.kviff.com\/wp-content\/uploads\/2024\/10\/variace-kviff-detail-2024-albioni-dvorak-so-14-300x117.jpg 300w, https:\/\/variace.kviff.com\/wp-content\/uploads\/2024\/10\/variace-kviff-detail-2024-albioni-dvorak-so-14-1024x400.jpg 1024w, https:\/\/variace.kviff.com\/wp-content\/uploads\/2024\/10\/variace-kviff-detail-2024-albioni-dvorak-so-14-768x300.jpg 768w, https:\/\/variace.kviff.com\/wp-content\/uploads\/2024\/10\/variace-kviff-detail-2024-albioni-dvorak-so-14-1536x600.jpg 1536w\" sizes=\"(max-width: 1920px) 100vw, 1920px\" \/>\t\t\t\t\t\t\t\t\t\t\t\t\t\t\t<\/div>\n\t\t\t\t<\/div>\n\t\t\t\t\t<\/div>\n\t\t<\/div>\n\t\t\t\t\t<\/div>\n\t\t<\/section>\n\t\t\t\t<section class=\"elementor-section elementor-top-section elementor-element elementor-element-bd8c347 elementor-section-full_width elementor-hidden-desktop elementor-section-height-default elementor-section-height-default\" data-id=\"bd8c347\" data-element_type=\"section\" data-e-type=\"section\">\n\t\t\t\t\t\t<div class=\"elementor-container elementor-column-gap-no\">\n\t\t\t\t\t<div class=\"elementor-column elementor-col-100 elementor-top-column elementor-element elementor-element-9bfccd1\" data-id=\"9bfccd1\" data-element_type=\"column\" data-e-type=\"column\">\n\t\t\t<div class=\"elementor-widget-wrap elementor-element-populated\">\n\t\t\t\t\t\t<div class=\"elementor-element elementor-element-7eb5f4b elementor-widget elementor-widget-image\" data-id=\"7eb5f4b\" data-element_type=\"widget\" data-e-type=\"widget\" data-widget_type=\"image.default\">\n\t\t\t\t<div class=\"elementor-widget-container\">\n\t\t\t\t\t\t\t\t\t\t\t\t\t\t\t<img decoding=\"async\" width=\"1920\" height=\"1080\" src=\"https:\/\/variace.kviff.com\/wp-content\/uploads\/2024\/10\/variace-kviff-detail-full-2024-albioni-dvorak-so-14.jpg\" class=\"attachment-full size-full wp-image-5367\" alt=\"\" srcset=\"https:\/\/variace.kviff.com\/wp-content\/uploads\/2024\/10\/variace-kviff-detail-full-2024-albioni-dvorak-so-14.jpg 1920w, https:\/\/variace.kviff.com\/wp-content\/uploads\/2024\/10\/variace-kviff-detail-full-2024-albioni-dvorak-so-14-300x169.jpg 300w, https:\/\/variace.kviff.com\/wp-content\/uploads\/2024\/10\/variace-kviff-detail-full-2024-albioni-dvorak-so-14-1024x576.jpg 1024w, https:\/\/variace.kviff.com\/wp-content\/uploads\/2024\/10\/variace-kviff-detail-full-2024-albioni-dvorak-so-14-768x432.jpg 768w, https:\/\/variace.kviff.com\/wp-content\/uploads\/2024\/10\/variace-kviff-detail-full-2024-albioni-dvorak-so-14-1536x864.jpg 1536w\" sizes=\"(max-width: 1920px) 100vw, 1920px\" \/>\t\t\t\t\t\t\t\t\t\t\t\t\t\t\t<\/div>\n\t\t\t\t<\/div>\n\t\t\t\t\t<\/div>\n\t\t<\/div>\n\t\t\t\t\t<\/div>\n\t\t<\/section>\n\t\t\t\t<section class=\"elementor-section elementor-top-section elementor-element elementor-element-7976097 elementor-section-boxed elementor-section-height-default elementor-section-height-default\" data-id=\"7976097\" data-element_type=\"section\" data-e-type=\"section\">\n\t\t\t\t\t\t<div class=\"elementor-container elementor-column-gap-default\">\n\t\t\t\t\t<div class=\"elementor-column elementor-col-100 elementor-top-column elementor-element elementor-element-c9f0559\" data-id=\"c9f0559\" data-element_type=\"column\" data-e-type=\"column\">\n\t\t\t<div class=\"elementor-widget-wrap elementor-element-populated\">\n\t\t\t\t\t\t<div class=\"elementor-element elementor-element-f237748 elementor-widget elementor-widget-text-editor\" data-id=\"f237748\" data-element_type=\"widget\" data-e-type=\"widget\" data-widget_type=\"text-editor.default\">\n\t\t\t\t<div class=\"elementor-widget-container\">\n\t\t\t\t\t\t\t\t\t<h1><span style=\"font-weight: 400;\">Albinoni and Dvo\u0159\u00e1k at the Thermal Spring Colonnade<\/span><\/h1>\t\t\t\t\t\t\t\t<\/div>\n\t\t\t\t<\/div>\n\t\t\t\t<div class=\"elementor-element elementor-element-c23792d elementor-widget elementor-widget-text-editor\" data-id=\"c23792d\" data-element_type=\"widget\" data-e-type=\"widget\" data-widget_type=\"text-editor.default\">\n\t\t\t\t<div class=\"elementor-widget-container\">\n\t\t\t\t\t\t\t\t\t<span style=\"font-weight: 400;\">Sobota 23. listopadu \/ 14:30 \/ V\u0159\u00eddeln\u00ed kolon\u00e1da \/ Vstup zdarma\n<\/span>\t\t\t\t\t\t\t\t<\/div>\n\t\t\t\t<\/div>\n\t\t\t\t<div class=\"elementor-element elementor-element-b198324 elementor-hidden-desktop elementor-hidden-tablet elementor-hidden-mobile elementor-widget elementor-widget-button\" data-id=\"b198324\" data-element_type=\"widget\" data-e-type=\"widget\" data-widget_type=\"button.default\">\n\t\t\t\t<div class=\"elementor-widget-container\">\n\t\t\t\t\t\t\t\t\t<div class=\"elementor-button-wrapper\">\n\t\t\t\t\t<a class=\"elementor-button elementor-button-link elementor-size-md\" href=\"https:\/\/tickets.colosseum.eu\/cl\/standard\/Hall\/Index\/2248723\/cKn7Yxw5zv41fq_plu_0HgEJ_plu_Q_rov__rov__xcodex_AGA1gFbU4wgBIP2KD3RLBkTuI7p0szdqLSIVZA__\" target=\"_blank\">\n\t\t\t\t\t\t<span class=\"elementor-button-content-wrapper\">\n\t\t\t\t\t\t\t\t\t<span class=\"elementor-button-text\">Tickets<\/span>\n\t\t\t\t\t<\/span>\n\t\t\t\t\t<\/a>\n\t\t\t\t<\/div>\n\t\t\t\t\t\t\t\t<\/div>\n\t\t\t\t<\/div>\n\t\t\t\t\t<\/div>\n\t\t<\/div>\n\t\t\t\t\t<\/div>\n\t\t<\/section>\n\t\t\t\t<section class=\"elementor-section elementor-top-section elementor-element elementor-element-9829579 elementor-section-boxed elementor-section-height-default elementor-section-height-default\" data-id=\"9829579\" data-element_type=\"section\" data-e-type=\"section\">\n\t\t\t\t\t\t<div class=\"elementor-container elementor-column-gap-default\">\n\t\t\t\t\t<div class=\"elementor-column elementor-col-100 elementor-top-column elementor-element elementor-element-5eb0a7d\" data-id=\"5eb0a7d\" data-element_type=\"column\" data-e-type=\"column\">\n\t\t\t<div class=\"elementor-widget-wrap elementor-element-populated\">\n\t\t\t\t\t\t<div class=\"elementor-element elementor-element-eabbc5f elementor-widget elementor-widget-text-editor\" data-id=\"eabbc5f\" data-element_type=\"widget\" data-e-type=\"widget\" data-widget_type=\"text-editor.default\">\n\t\t\t\t<div class=\"elementor-widget-container\">\n\t\t\t\t\t\t\t\t\t<span class=\"h3-small\" style=\"font-weight: 400;\">A chamber ensemble composed of members of the Czech Philharmonic and the Karlovy Vary Symphony Orchestra gives a free public performance of baroque composer Tomaso Albinoni\u2019s Trumpet Concerto in B-flat major and a selection from Anton\u00edn Dvo\u0159\u00e1k\u2019s Serenade for Strings in E major.\n<\/span>\n\n&nbsp;\n\n&nbsp;\t\t\t\t\t\t\t\t<\/div>\n\t\t\t\t<\/div>\n\t\t\t\t\t<\/div>\n\t\t<\/div>\n\t\t\t\t\t<\/div>\n\t\t<\/section>\n\t\t\t\t<section class=\"elementor-section elementor-top-section elementor-element elementor-element-c1f38de elementor-section-boxed elementor-section-height-default elementor-section-height-default\" data-id=\"c1f38de\" data-element_type=\"section\" data-e-type=\"section\">\n\t\t\t\t\t\t<div class=\"elementor-container elementor-column-gap-default\">\n\t\t\t\t\t<div class=\"elementor-column elementor-col-100 elementor-top-column elementor-element elementor-element-d9b8fc5\" data-id=\"d9b8fc5\" data-element_type=\"column\" data-e-type=\"column\">\n\t\t\t<div class=\"elementor-widget-wrap elementor-element-populated\">\n\t\t\t\t\t\t<div class=\"elementor-element elementor-element-d5c13d0 elementor-widget elementor-widget-text-editor\" data-id=\"d5c13d0\" data-element_type=\"widget\" data-e-type=\"widget\" data-widget_type=\"text-editor.default\">\n\t\t\t\t<div class=\"elementor-widget-container\">\n\t\t\t\t\t\t\t\t\t<h6>Program:<\/h6><h5>Tomaso Albinoni (1671\u20131751): Oboe Concerto in B flat major, Op. 7, No. 6 (trumpet version)\u00a0<br \/><em>Allegro<\/em><br \/><em>Adagio<\/em><br \/><em>Allegro<\/em><br \/>Anton\u00edn Dvo\u0159\u00e1k (1841\u20131904): Serenade in E major for strings, Op. 22 (selection)<br \/><em>1. v\u011bta \u2013 Moderato<\/em><br \/><em>2. v\u011bta \u2013 Menuetto. Allegro con moto<\/em><br \/><em>3. Scherzo<\/em><\/h5><h6>Performed by:<\/h6><h5>Chamber ensemble of the Czech Philharmonic<br \/>solo trumpet - Stanislav Masaryk<\/h5><h6>Artistic director:<\/h6><h5>Irena Jakubcov\u00e1<\/h5>\t\t\t\t\t\t\t\t<\/div>\n\t\t\t\t<\/div>\n\t\t\t\t\t<\/div>\n\t\t<\/div>\n\t\t\t\t\t<\/div>\n\t\t<\/section>\n\t\t\t\t<section class=\"elementor-section elementor-top-section elementor-element elementor-element-65c6d37 elementor-section-boxed elementor-section-height-default elementor-section-height-default\" data-id=\"65c6d37\" data-element_type=\"section\" data-e-type=\"section\">\n\t\t\t\t\t\t<div class=\"elementor-container elementor-column-gap-default\">\n\t\t\t\t\t<div class=\"elementor-column elementor-col-100 elementor-top-column elementor-element elementor-element-8263b14\" data-id=\"8263b14\" data-element_type=\"column\" data-e-type=\"column\">\n\t\t\t<div class=\"elementor-widget-wrap elementor-element-populated\">\n\t\t\t\t\t\t<div class=\"elementor-element elementor-element-fd14483 elementor-widget elementor-widget-text-editor\" data-id=\"fd14483\" data-element_type=\"widget\" data-e-type=\"widget\" data-widget_type=\"text-editor.default\">\n\t\t\t\t<div class=\"elementor-widget-container\">\n\t\t\t\t\t\t\t\t\t<span class=\"h2-small\" style=\"font-weight: 400;\">About program\n<\/span>\n<h5><span style=\"font-weight: 400;\">Ben\u00e1t\u010dan a jeho barokn\u00ed hudba a \u010cech z Nelahozevsi tvo\u0159\u00edc\u00ed o t\u00e9m\u011b\u0159 dv\u011b stolet\u00ed pozd\u011bji. A p\u0159ece se jejich d\u00edla ve vystoupen\u00ed na V\u0159\u00eddeln\u00ed kolon\u00e1d\u011b p\u0159\u00edhodn\u011b propoj\u00ed.\nTomaso Albinoni se narodil i zem\u0159el v Ben\u00e1tk\u00e1ch, jednom z hlavn\u00edch hudebn\u00edch center It\u00e1lie. Jeho pades\u00e1t oper se prosadilo v bohat\u00e9 m\u00edstn\u00ed produkci pro dlouhou \u0159adu ve\u0159ejn\u00fdch opern\u00edch divadel. Ale dnes zn\u00e1me jeho jm\u00e9no p\u0159edev\u0161\u00edm v souvislosti s instrument\u00e1ln\u00ed hudbou a rozvojem virtu\u00f3zn\u00edho instrument\u00e1ln\u00edho koncertu. Dvan\u00e1ct koncert\u016f pro jeden nebo dva hoboje a smy\u010dce, op. 7, vydal Albinoni v roce 1716. V duchu b\u011b\u017en\u00e9 barokn\u00ed praxe, kdy se s\u00f3lov\u00e9 n\u00e1stroje b\u011b\u017en\u011b vym\u011b\u0148ovaly za jin\u00e9, usly\u0161\u00edme s\u00f3lov\u00fd hobojov\u00fd part v pod\u00e1n\u00ed prvn\u00edho trumpetisty \u010cesk\u00e9 filharmonie Stanislava Masaryka.\nSmy\u010dcov\u00fd orchestr se v \u00fapln\u011b jin\u00e9m sv\u011btle p\u0159edstav\u00ed v Seren\u00e1d\u011b E dur Anton\u00edna Dvo\u0159\u00e1ka. \u010cty\u0159iat\u0159icetilet\u00fd skladatel ji napsal b\u011bhem pouh\u00fdch \u010dtrn\u00e1cti dn\u016f na ja\u0159e roku 1875. Jej\u00ed atmosf\u00e9ra odr\u00e1\u017e\u00ed skladatelovo \u0161\u0165astn\u00e9 \u017eivotn\u00ed obdob\u00ed: m\u011bl za sebou prvn\u00ed koncertn\u00ed \u00fasp\u011bchy, z\u00edskal prvn\u00ed stipendium u v\u00edde\u0148sk\u00e9 st\u00e1tn\u00ed komise a na cest\u011b bylo jeho druh\u00e9 d\u00edt\u011b. Skladba dokl\u00e1d\u00e1 Dvo\u0159\u00e1k\u016fv geni\u00e1ln\u00ed smysl pro malou formu \u2013 v p\u011bti drobn\u00fdch v\u011bt\u00e1ch p\u0159in\u00e1\u0161\u00ed velmi n\u00e1padit\u00fd a nosn\u00fd hudebn\u00ed materi\u00e1l, mistrn\u011b zpracovan\u00fd. Seren\u00e1da E dur pat\u0159\u00ed mezi skladatelova nejobl\u00edben\u011bj\u0161\u00ed a nej\u010dast\u011bji uv\u00e1d\u011bn\u00e1 d\u00edla.\n<\/span><\/h5>\n<h5><span style=\"font-weight: 400;\">The general partner of the Czech Philharmonic Orchestra's public concerts in Karlovy Vary is the \u010cEZ GROUP.<\/span><\/h5>\t\t\t\t\t\t\t\t<\/div>\n\t\t\t\t<\/div>\n\t\t\t\t\t<\/div>\n\t\t<\/div>\n\t\t\t\t\t<\/div>\n\t\t<\/section>\n\t\t\t\t<section class=\"elementor-section elementor-top-section elementor-element elementor-element-dd5712c elementor-section-boxed elementor-section-height-default elementor-section-height-default\" data-id=\"dd5712c\" data-element_type=\"section\" data-e-type=\"section\">\n\t\t\t\t\t\t<div class=\"elementor-container elementor-column-gap-default\">\n\t\t\t\t\t<div class=\"elementor-column elementor-col-100 elementor-top-column elementor-element elementor-element-b5f4952\" data-id=\"b5f4952\" data-element_type=\"column\" data-e-type=\"column\">\n\t\t\t<div class=\"elementor-widget-wrap elementor-element-populated\">\n\t\t\t\t\t\t<div class=\"elementor-element elementor-element-4474e1f elementor-widget elementor-widget-image\" data-id=\"4474e1f\" data-element_type=\"widget\" data-e-type=\"widget\" data-widget_type=\"image.default\">\n\t\t\t\t<div class=\"elementor-widget-container\">\n\t\t\t\t\t\t\t\t\t\t\t\t\t\t\t<img decoding=\"async\" width=\"1600\" height=\"900\" src=\"https:\/\/variace.kviff.com\/wp-content\/uploads\/2024\/10\/variace-detail-portret-irena-jakubcova.jpg\" class=\"attachment-full size-full wp-image-5417\" alt=\"\" srcset=\"https:\/\/variace.kviff.com\/wp-content\/uploads\/2024\/10\/variace-detail-portret-irena-jakubcova.jpg 1600w, https:\/\/variace.kviff.com\/wp-content\/uploads\/2024\/10\/variace-detail-portret-irena-jakubcova-300x169.jpg 300w, https:\/\/variace.kviff.com\/wp-content\/uploads\/2024\/10\/variace-detail-portret-irena-jakubcova-1024x576.jpg 1024w, https:\/\/variace.kviff.com\/wp-content\/uploads\/2024\/10\/variace-detail-portret-irena-jakubcova-768x432.jpg 768w, https:\/\/variace.kviff.com\/wp-content\/uploads\/2024\/10\/variace-detail-portret-irena-jakubcova-1536x864.jpg 1536w\" sizes=\"(max-width: 1600px) 100vw, 1600px\" \/>\t\t\t\t\t\t\t\t\t\t\t\t\t\t\t<\/div>\n\t\t\t\t<\/div>\n\t\t\t\t<div class=\"elementor-element elementor-element-bfc73ba elementor-widget elementor-widget-text-editor\" data-id=\"bfc73ba\" data-element_type=\"widget\" data-e-type=\"widget\" data-widget_type=\"text-editor.default\">\n\t\t\t\t<div class=\"elementor-widget-container\">\n\t\t\t\t\t\t\t\t\t<span class=\"h2-small\">Irena Jakubcov\u00e1<\/span>\n<h5><span style=\"font-weight: 400;\">Irena Jakubcov\u00e1 je od roku 2012 \u010dlenkou \u010cesk\u00e9 filharmonie, kde zast\u00e1v\u00e1 post z\u00e1stupce koncertn\u00edho mistra. Poch\u00e1z\u00ed z muzikantsk\u00e9 rodiny s v\u00edce ne\u017e stoletou tradic\u00ed \u2013 na housle za\u010dala hr\u00e1t ji\u017e v p\u011bti letech.\nAbsolvovala Konzervato\u0159 v Plzni a na Akademii m\u00fazick\u00fdch um\u011bn\u00ed v Praze studovala bakal\u00e1\u0159sk\u00fd a magistersk\u00fd stupe\u0148 ve t\u0159\u00edd\u011b profesora Ivana \u0160trause. Vystoupila n\u011bkolikr\u00e1t jako s\u00f3listka s Plze\u0148skou filharmoni\u00ed, s \u010ceskou filharmoni\u00ed vystoupila s\u00f3lov\u011b pod taktovkou Jakuba Hr\u016f\u0161i ke 100. v\u00fdro\u010d\u00ed narozen\u00ed skladatelky V\u00edt\u011bzslavy Kapr\u00e1lov\u00e9. V roce 2003 byla \u010dlenkou Pra\u017esk\u00e9 komorn\u00ed filharmonie, kde m\u011bla mo\u017enost tak\u00e9 vystupovat s\u00f3lov\u011b. V letech 2007 a\u017e 2010 byla \u010dlenkou Kvarteta Martin\u016f, v sou\u010dasnosti je \u010dlenkou Jan\u00e1\u010dkova tria a Sexteta \u010desk\u00fdch filharmonik\u016f.\n<\/span><\/h5>\t\t\t\t\t\t\t\t<\/div>\n\t\t\t\t<\/div>\n\t\t\t\t\t<\/div>\n\t\t<\/div>\n\t\t\t\t\t<\/div>\n\t\t<\/section>\n\t\t\t\t<section class=\"elementor-section elementor-top-section elementor-element elementor-element-726650c elementor-section-boxed elementor-section-height-default elementor-section-height-default\" data-id=\"726650c\" data-element_type=\"section\" data-e-type=\"section\">\n\t\t\t\t\t\t<div class=\"elementor-container elementor-column-gap-default\">\n\t\t\t\t\t<div class=\"elementor-column elementor-col-100 elementor-top-column elementor-element elementor-element-b0fee17\" data-id=\"b0fee17\" data-element_type=\"column\" data-e-type=\"column\">\n\t\t\t<div class=\"elementor-widget-wrap elementor-element-populated\">\n\t\t\t\t\t\t<div class=\"elementor-element elementor-element-75a0bd6 elementor-widget elementor-widget-image\" data-id=\"75a0bd6\" data-element_type=\"widget\" data-e-type=\"widget\" data-widget_type=\"image.default\">\n\t\t\t\t<div class=\"elementor-widget-container\">\n\t\t\t\t\t\t\t\t\t\t\t\t\t\t\t<img loading=\"lazy\" decoding=\"async\" width=\"1600\" height=\"900\" src=\"https:\/\/variace.kviff.com\/wp-content\/uploads\/2024\/10\/variace-detail-portret-stanislav-masaryk.jpg\" class=\"attachment-full size-full wp-image-5415\" alt=\"\" srcset=\"https:\/\/variace.kviff.com\/wp-content\/uploads\/2024\/10\/variace-detail-portret-stanislav-masaryk.jpg 1600w, https:\/\/variace.kviff.com\/wp-content\/uploads\/2024\/10\/variace-detail-portret-stanislav-masaryk-300x169.jpg 300w, https:\/\/variace.kviff.com\/wp-content\/uploads\/2024\/10\/variace-detail-portret-stanislav-masaryk-1024x576.jpg 1024w, https:\/\/variace.kviff.com\/wp-content\/uploads\/2024\/10\/variace-detail-portret-stanislav-masaryk-768x432.jpg 768w, https:\/\/variace.kviff.com\/wp-content\/uploads\/2024\/10\/variace-detail-portret-stanislav-masaryk-1536x864.jpg 1536w\" sizes=\"(max-width: 1600px) 100vw, 1600px\" \/>\t\t\t\t\t\t\t\t\t\t\t\t\t\t\t<\/div>\n\t\t\t\t<\/div>\n\t\t\t\t<div class=\"elementor-element elementor-element-49d3711 elementor-widget elementor-widget-text-editor\" data-id=\"49d3711\" data-element_type=\"widget\" data-e-type=\"widget\" data-widget_type=\"text-editor.default\">\n\t\t\t\t<div class=\"elementor-widget-container\">\n\t\t\t\t\t\t\t\t\t<p><span class=\"h2-small\">Stanislav Masaryk<\/span><\/p><h5><span style=\"font-weight: 400;\">Since September 2020 he has been a member of the Czech Philharmonic, where he holds the position of first trumpeter. He has also performed as a soloist with the Czech Philharmonic under the baton of principal guest conductor Tom\u00e1\u0161 Netopil and chief conductor Semyon Bychkov. As an exceptional student aged 13, he joined the class of JUDr. Michal Jano\u0161 at the Bratislava Conservatory and was enrolled there in the following year. He later continued at the Academy of Performing Arts in Bratislava. He was awarded the 1st prize and the title of the overall winner at the International Competition for Wind Instruments Brno 2017 among more than 60 trumpet players from the Visegrad Four countries. From 2009 to 2020 he was a member of the Bratislava Hot Serenaders hot-jazz orchestra, in 2012\u20132015, he was a member of the Slovak Radio Symphony Orchestra. From 2012 to 2019, he was the principal trumpeter of the Slovak National Theatre Opera Orchestra, with small breaks. In 2017 and 2018 he was the first trumpeter in the orchestra of the National Theatre Prague. During that time, he started regularly collaborating with the Czech Philharmonic.<\/span><\/h5><p>\u00a0<\/p><p>\u00a0<\/p>\t\t\t\t\t\t\t\t<\/div>\n\t\t\t\t<\/div>\n\t\t\t\t\t<\/div>\n\t\t<\/div>\n\t\t\t\t\t<\/div>\n\t\t<\/section>\n\t\t\t\t<section class=\"elementor-section elementor-top-section elementor-element elementor-element-bf1a853 elementor-section-boxed elementor-section-height-default elementor-section-height-default\" data-id=\"bf1a853\" data-element_type=\"section\" data-e-type=\"section\">\n\t\t\t\t\t\t<div class=\"elementor-container elementor-column-gap-default\">\n\t\t\t\t\t<div class=\"elementor-column elementor-col-100 elementor-top-column elementor-element elementor-element-88f70f9\" data-id=\"88f70f9\" data-element_type=\"column\" data-e-type=\"column\">\n\t\t\t<div class=\"elementor-widget-wrap elementor-element-populated\">\n\t\t\t\t\t\t<div class=\"elementor-element elementor-element-446e1f4 elementor-widget elementor-widget-button\" data-id=\"446e1f4\" data-element_type=\"widget\" data-e-type=\"widget\" data-widget_type=\"button.default\">\n\t\t\t\t<div class=\"elementor-widget-container\">\n\t\t\t\t\t\t\t\t\t<div class=\"elementor-button-wrapper\">\n\t\t\t\t\t<a class=\"elementor-button elementor-button-link elementor-size-md\" href=\"https:\/\/variace.kviff.com\/en\/#program\">\n\t\t\t\t\t\t<span class=\"elementor-button-content-wrapper\">\n\t\t\t\t\t\t\t\t\t<span class=\"elementor-button-text\">Back to program<\/span>\n\t\t\t\t\t<\/span>\n\t\t\t\t\t<\/a>\n\t\t\t\t<\/div>\n\t\t\t\t\t\t\t\t<\/div>\n\t\t\t\t<\/div>\n\t\t\t\t\t<\/div>\n\t\t<\/div>\n\t\t\t\t\t<\/div>\n\t\t<\/section>\n\t\t\t\t<\/div>","protected":false},"excerpt":{"rendered":"<p>Sobota 23. listopadu \/ 14:30 \/ V\u0159\u00eddeln\u00ed kolon\u00e1da \/ Vstup zdarma<\/p>","protected":false},"author":1,"featured_media":5367,"parent":0,"menu_order":0,"comment_status":"closed","ping_status":"closed","template":"","meta":{"_seopress_robots_primary_cat":"","_seopress_titles_title":"Albinoni, Dvo\u0159\u00e1k ve V\u0159\u00eddeln\u00ed kolon\u00e1d\u011b","_seopress_titles_desc":"Sobota 23. listopadu \/ 14:30 \/ V\u0159\u00eddeln\u00ed kolon\u00e1da \/ Vstup zdarma","_seopress_robots_index":"","footnotes":""},"class_list":["post-5435","page","type-page","status-publish","has-post-thumbnail","hentry"],"_links":{"self":[{"href":"https:\/\/variace.kviff.com\/en\/wp-json\/wp\/v2\/pages\/5435","targetHints":{"allow":["GET"]}}],"collection":[{"href":"https:\/\/variace.kviff.com\/en\/wp-json\/wp\/v2\/pages"}],"about":[{"href":"https:\/\/variace.kviff.com\/en\/wp-json\/wp\/v2\/types\/page"}],"author":[{"embeddable":true,"href":"https:\/\/variace.kviff.com\/en\/wp-json\/wp\/v2\/users\/1"}],"replies":[{"embeddable":true,"href":"https:\/\/variace.kviff.com\/en\/wp-json\/wp\/v2\/comments?post=5435"}],"version-history":[{"count":65,"href":"https:\/\/variace.kviff.com\/en\/wp-json\/wp\/v2\/pages\/5435\/revisions"}],"predecessor-version":[{"id":6781,"href":"https:\/\/variace.kviff.com\/en\/wp-json\/wp\/v2\/pages\/5435\/revisions\/6781"}],"wp:featuredmedia":[{"embeddable":true,"href":"https:\/\/variace.kviff.com\/en\/wp-json\/wp\/v2\/media\/5367"}],"wp:attachment":[{"href":"https:\/\/variace.kviff.com\/en\/wp-json\/wp\/v2\/media?parent=5435"}],"curies":[{"name":"wp","href":"https:\/\/api.w.org\/{rel}","templated":true}]}}