{"id":5808,"date":"2024-10-01T17:43:43","date_gmt":"2024-10-01T17:43:43","guid":{"rendered":"https:\/\/variace.kviff.com\/?page_id=5808"},"modified":"2025-10-18T14:34:56","modified_gmt":"2025-10-18T14:34:56","slug":"albinoni-and-dvorak-at-the-thermal-spring-colonnade-2024","status":"publish","type":"page","link":"https:\/\/variace.kviff.com\/en\/albinoni-and-dvorak-at-the-thermal-spring-colonnade-2024\/","title":{"rendered":"Albinoni and Dvo\u0159\u00e1k at the Thermal Spring Colonnade"},"content":{"rendered":"<div data-elementor-type=\"wp-page\" data-elementor-id=\"5808\" class=\"elementor elementor-5808\" data-elementor-post-type=\"page\">\n\t\t\t\t\t\t<section class=\"elementor-section elementor-top-section elementor-element elementor-element-0f5b2e3 elementor-section-full_width elementor-hidden-tablet elementor-hidden-mobile elementor-section-height-default elementor-section-height-default\" data-id=\"0f5b2e3\" data-element_type=\"section\" data-e-type=\"section\">\n\t\t\t\t\t\t<div class=\"elementor-container elementor-column-gap-no\">\n\t\t\t\t\t<div class=\"elementor-column elementor-col-100 elementor-top-column elementor-element elementor-element-fe034cc\" data-id=\"fe034cc\" data-element_type=\"column\" data-e-type=\"column\">\n\t\t\t<div class=\"elementor-widget-wrap elementor-element-populated\">\n\t\t\t\t\t\t<div class=\"elementor-element elementor-element-0a0297f elementor-widget elementor-widget-image\" data-id=\"0a0297f\" data-element_type=\"widget\" data-e-type=\"widget\" data-widget_type=\"image.default\">\n\t\t\t\t<div class=\"elementor-widget-container\">\n\t\t\t\t\t\t\t\t\t\t\t\t\t\t\t<img fetchpriority=\"high\" decoding=\"async\" width=\"1920\" height=\"750\" src=\"https:\/\/variace.kviff.com\/wp-content\/uploads\/2024\/10\/variace-kviff-detail-2024-albioni-dvorak-so-14.jpg\" class=\"attachment-full size-full wp-image-5373\" alt=\"\" srcset=\"https:\/\/variace.kviff.com\/wp-content\/uploads\/2024\/10\/variace-kviff-detail-2024-albioni-dvorak-so-14.jpg 1920w, https:\/\/variace.kviff.com\/wp-content\/uploads\/2024\/10\/variace-kviff-detail-2024-albioni-dvorak-so-14-300x117.jpg 300w, https:\/\/variace.kviff.com\/wp-content\/uploads\/2024\/10\/variace-kviff-detail-2024-albioni-dvorak-so-14-1024x400.jpg 1024w, https:\/\/variace.kviff.com\/wp-content\/uploads\/2024\/10\/variace-kviff-detail-2024-albioni-dvorak-so-14-768x300.jpg 768w, https:\/\/variace.kviff.com\/wp-content\/uploads\/2024\/10\/variace-kviff-detail-2024-albioni-dvorak-so-14-1536x600.jpg 1536w\" sizes=\"(max-width: 1920px) 100vw, 1920px\" \/>\t\t\t\t\t\t\t\t\t\t\t\t\t\t\t<\/div>\n\t\t\t\t<\/div>\n\t\t\t\t\t<\/div>\n\t\t<\/div>\n\t\t\t\t\t<\/div>\n\t\t<\/section>\n\t\t\t\t<section class=\"elementor-section elementor-top-section elementor-element elementor-element-bd8c347 elementor-section-full_width elementor-hidden-desktop elementor-section-height-default elementor-section-height-default\" data-id=\"bd8c347\" data-element_type=\"section\" data-e-type=\"section\">\n\t\t\t\t\t\t<div class=\"elementor-container elementor-column-gap-no\">\n\t\t\t\t\t<div class=\"elementor-column elementor-col-100 elementor-top-column elementor-element elementor-element-9bfccd1\" data-id=\"9bfccd1\" data-element_type=\"column\" data-e-type=\"column\">\n\t\t\t<div class=\"elementor-widget-wrap elementor-element-populated\">\n\t\t\t\t\t\t<div class=\"elementor-element elementor-element-7eb5f4b elementor-widget elementor-widget-image\" data-id=\"7eb5f4b\" data-element_type=\"widget\" data-e-type=\"widget\" data-widget_type=\"image.default\">\n\t\t\t\t<div class=\"elementor-widget-container\">\n\t\t\t\t\t\t\t\t\t\t\t\t\t\t\t<img decoding=\"async\" width=\"1920\" height=\"1080\" src=\"https:\/\/variace.kviff.com\/wp-content\/uploads\/2024\/10\/variace-kviff-detail-full-2024-albioni-dvorak-so-14.jpg\" class=\"attachment-full size-full wp-image-5367\" alt=\"\" srcset=\"https:\/\/variace.kviff.com\/wp-content\/uploads\/2024\/10\/variace-kviff-detail-full-2024-albioni-dvorak-so-14.jpg 1920w, https:\/\/variace.kviff.com\/wp-content\/uploads\/2024\/10\/variace-kviff-detail-full-2024-albioni-dvorak-so-14-300x169.jpg 300w, https:\/\/variace.kviff.com\/wp-content\/uploads\/2024\/10\/variace-kviff-detail-full-2024-albioni-dvorak-so-14-1024x576.jpg 1024w, https:\/\/variace.kviff.com\/wp-content\/uploads\/2024\/10\/variace-kviff-detail-full-2024-albioni-dvorak-so-14-768x432.jpg 768w, https:\/\/variace.kviff.com\/wp-content\/uploads\/2024\/10\/variace-kviff-detail-full-2024-albioni-dvorak-so-14-1536x864.jpg 1536w\" sizes=\"(max-width: 1920px) 100vw, 1920px\" \/>\t\t\t\t\t\t\t\t\t\t\t\t\t\t\t<\/div>\n\t\t\t\t<\/div>\n\t\t\t\t\t<\/div>\n\t\t<\/div>\n\t\t\t\t\t<\/div>\n\t\t<\/section>\n\t\t\t\t<section class=\"elementor-section elementor-top-section elementor-element elementor-element-7976097 elementor-section-boxed elementor-section-height-default elementor-section-height-default\" data-id=\"7976097\" data-element_type=\"section\" data-e-type=\"section\">\n\t\t\t\t\t\t<div class=\"elementor-container elementor-column-gap-default\">\n\t\t\t\t\t<div class=\"elementor-column elementor-col-100 elementor-top-column elementor-element elementor-element-c9f0559\" data-id=\"c9f0559\" data-element_type=\"column\" data-e-type=\"column\">\n\t\t\t<div class=\"elementor-widget-wrap elementor-element-populated\">\n\t\t\t\t\t\t<div class=\"elementor-element elementor-element-f237748 elementor-widget elementor-widget-text-editor\" data-id=\"f237748\" data-element_type=\"widget\" data-e-type=\"widget\" data-widget_type=\"text-editor.default\">\n\t\t\t\t<div class=\"elementor-widget-container\">\n\t\t\t\t\t\t\t\t\t<h1><span style=\"font-weight: 400;\">Albinoni and Dvo\u0159\u00e1k at the Thermal Spring Colonnade<\/span><\/h1>\t\t\t\t\t\t\t\t<\/div>\n\t\t\t\t<\/div>\n\t\t\t\t<div class=\"elementor-element elementor-element-c23792d elementor-widget elementor-widget-text-editor\" data-id=\"c23792d\" data-element_type=\"widget\" data-e-type=\"widget\" data-widget_type=\"text-editor.default\">\n\t\t\t\t<div class=\"elementor-widget-container\">\n\t\t\t\t\t\t\t\t\t<p><span style=\"font-weight: 400;\">Saturday, November 23 \/ 2:30pm \/ Thermal Spring Colonnade \/ Admission free<br \/><\/span><\/p>\t\t\t\t\t\t\t\t<\/div>\n\t\t\t\t<\/div>\n\t\t\t\t<div class=\"elementor-element elementor-element-b198324 elementor-hidden-desktop elementor-hidden-tablet elementor-hidden-mobile elementor-widget elementor-widget-button\" data-id=\"b198324\" data-element_type=\"widget\" data-e-type=\"widget\" data-widget_type=\"button.default\">\n\t\t\t\t<div class=\"elementor-widget-container\">\n\t\t\t\t\t\t\t\t\t<div class=\"elementor-button-wrapper\">\n\t\t\t\t\t<a class=\"elementor-button elementor-size-md\" role=\"button\">\n\t\t\t\t\t\t<span class=\"elementor-button-content-wrapper\">\n\t\t\t\t\t\t\t\t\t<span class=\"elementor-button-text\">Tickets<\/span>\n\t\t\t\t\t<\/span>\n\t\t\t\t\t<\/a>\n\t\t\t\t<\/div>\n\t\t\t\t\t\t\t\t<\/div>\n\t\t\t\t<\/div>\n\t\t\t\t\t<\/div>\n\t\t<\/div>\n\t\t\t\t\t<\/div>\n\t\t<\/section>\n\t\t\t\t<section class=\"elementor-section elementor-top-section elementor-element elementor-element-9829579 elementor-section-boxed elementor-section-height-default elementor-section-height-default\" data-id=\"9829579\" data-element_type=\"section\" data-e-type=\"section\">\n\t\t\t\t\t\t<div class=\"elementor-container elementor-column-gap-default\">\n\t\t\t\t\t<div class=\"elementor-column elementor-col-100 elementor-top-column elementor-element elementor-element-5eb0a7d\" data-id=\"5eb0a7d\" data-element_type=\"column\" data-e-type=\"column\">\n\t\t\t<div class=\"elementor-widget-wrap elementor-element-populated\">\n\t\t\t\t\t\t<div class=\"elementor-element elementor-element-eabbc5f elementor-widget elementor-widget-text-editor\" data-id=\"eabbc5f\" data-element_type=\"widget\" data-e-type=\"widget\" data-widget_type=\"text-editor.default\">\n\t\t\t\t<div class=\"elementor-widget-container\">\n\t\t\t\t\t\t\t\t\t<p><span class=\"h3-small\" style=\"font-weight: 400;\">A chamber ensemble composed of members of the Czech Philharmonic and the Karlovy Vary Symphony Orchestra gives a free public performance of baroque composer Tomaso Albinoni\u2019s Trumpet Concerto in B-flat major and a selection from Anton\u00edn Dvo\u0159\u00e1k\u2019s Serenade for Strings in E major.<br \/><\/span><\/p><p>\u00a0<\/p><p>\u00a0<\/p>\t\t\t\t\t\t\t\t<\/div>\n\t\t\t\t<\/div>\n\t\t\t\t\t<\/div>\n\t\t<\/div>\n\t\t\t\t\t<\/div>\n\t\t<\/section>\n\t\t\t\t<section class=\"elementor-section elementor-top-section elementor-element elementor-element-c1f38de elementor-section-boxed elementor-section-height-default elementor-section-height-default\" data-id=\"c1f38de\" data-element_type=\"section\" data-e-type=\"section\">\n\t\t\t\t\t\t<div class=\"elementor-container elementor-column-gap-default\">\n\t\t\t\t\t<div class=\"elementor-column elementor-col-100 elementor-top-column elementor-element elementor-element-d9b8fc5\" data-id=\"d9b8fc5\" data-element_type=\"column\" data-e-type=\"column\">\n\t\t\t<div class=\"elementor-widget-wrap elementor-element-populated\">\n\t\t\t\t\t\t<div class=\"elementor-element elementor-element-d5c13d0 elementor-widget elementor-widget-text-editor\" data-id=\"d5c13d0\" data-element_type=\"widget\" data-e-type=\"widget\" data-widget_type=\"text-editor.default\">\n\t\t\t\t<div class=\"elementor-widget-container\">\n\t\t\t\t\t\t\t\t\t<h6>Program:<\/h6><h5>Tomaso Albinoni (1671\u20131751): Oboe Concerto in B flat major, Op. 7, No. 6 (trumpet version)<br \/><em>Allegro<\/em><br \/><em>Adagio<\/em><br \/><em>Allegro<\/em><br \/>Anton\u00edn Dvo\u0159\u00e1k (1841\u20131904): Serenade in E major for strings, Op. 22 (selection)<br \/><em>1. Moderato<\/em><br \/><em>2. Menuetto. Allegro con moto<\/em><br \/><em>3. Scherzo<\/em><\/h5><h6>Performed by:<\/h6><h5>Chamber ensemble composed of members of the Czech Philharmonic and the Karlovy Vary Symphony Orchestra<\/h5><h6>Artistic director:<\/h6><h5>Irena Jakubcov\u00e1<\/h5><h6>Solo trumpet:<\/h6><h5>Stanislav Masaryk<\/h5>\t\t\t\t\t\t\t\t<\/div>\n\t\t\t\t<\/div>\n\t\t\t\t\t<\/div>\n\t\t<\/div>\n\t\t\t\t\t<\/div>\n\t\t<\/section>\n\t\t\t\t<section class=\"elementor-section elementor-top-section elementor-element elementor-element-65c6d37 elementor-section-boxed elementor-section-height-default elementor-section-height-default\" data-id=\"65c6d37\" data-element_type=\"section\" data-e-type=\"section\">\n\t\t\t\t\t\t<div class=\"elementor-container elementor-column-gap-default\">\n\t\t\t\t\t<div class=\"elementor-column elementor-col-100 elementor-top-column elementor-element elementor-element-8263b14\" data-id=\"8263b14\" data-element_type=\"column\" data-e-type=\"column\">\n\t\t\t<div class=\"elementor-widget-wrap elementor-element-populated\">\n\t\t\t\t\t\t<div class=\"elementor-element elementor-element-fd14483 elementor-widget elementor-widget-text-editor\" data-id=\"fd14483\" data-element_type=\"widget\" data-e-type=\"widget\" data-widget_type=\"text-editor.default\">\n\t\t\t\t<div class=\"elementor-widget-container\">\n\t\t\t\t\t\t\t\t\t<span class=\"h2-small\" style=\"font-weight: 400;\">About the program\n<\/span>\n<h5><span style=\"font-weight: 400;\">A Venetian composer of Baroque music and a Bohemian from Nelahozeves who worked nearly two centuries later \u2013 and yet their works are a perfect fit for this performance at the Thermal Spring Colonnade. \nTomaso Albinoni was born and died in Venice, one of Italy\u2019s main centers of music. \u200b\u200bToday, he is nevertheless mainly associated with instrumental music and with the development of the virtuoso instrumental concerto. Albinoni published his Twelve Concertos for One or Two Oboes and Strings, Op. 7, in 1716. In the spirit of the usual Baroque practice, in which solo instruments were frequently interchanged, we will hear the solo oboe part performed by the Czech Philharmonic\u2019s first trumpet, Stanislav Masaryk.\nThe string orchestra presents itself in a completely differently light for Anton\u00edn Dvo\u0159\u00e1k\u2019s Serenade in E major, which the thirty-four-year-old composer wrote over the course of just fourteen days in 1875. The work\u2019s atmosphere reflects a happy period in Dvo\u0159\u00e1k\u2019s life: he had his first successful concerts behind him, he had recently earned his first stipend from the Vienna State Commission, and he was expecting his second child.\nThe composition shows Dvo\u0159\u00e1k\u2019s brilliant grasp of ternary form \u2013 in five movements, he delivers a highly imaginative, structured, and masterfully crafted musical composition. Serenade in E major is one of the most popular and most frequently performed works.\n<\/span><\/h5>\t\t\t\t\t\t\t\t<\/div>\n\t\t\t\t<\/div>\n\t\t\t\t\t<\/div>\n\t\t<\/div>\n\t\t\t\t\t<\/div>\n\t\t<\/section>\n\t\t\t\t<section class=\"elementor-section elementor-top-section elementor-element elementor-element-dd5712c elementor-section-boxed elementor-section-height-default elementor-section-height-default\" data-id=\"dd5712c\" data-element_type=\"section\" data-e-type=\"section\">\n\t\t\t\t\t\t<div class=\"elementor-container elementor-column-gap-default\">\n\t\t\t\t\t<div class=\"elementor-column elementor-col-100 elementor-top-column elementor-element elementor-element-b5f4952\" data-id=\"b5f4952\" data-element_type=\"column\" data-e-type=\"column\">\n\t\t\t<div class=\"elementor-widget-wrap elementor-element-populated\">\n\t\t\t\t\t\t<div class=\"elementor-element elementor-element-4474e1f elementor-widget elementor-widget-image\" data-id=\"4474e1f\" data-element_type=\"widget\" data-e-type=\"widget\" data-widget_type=\"image.default\">\n\t\t\t\t<div class=\"elementor-widget-container\">\n\t\t\t\t\t\t\t\t\t\t\t\t\t\t\t<img decoding=\"async\" width=\"1600\" height=\"900\" src=\"https:\/\/variace.kviff.com\/wp-content\/uploads\/2024\/10\/variace-detail-portret-irena-jakubcova.jpg\" class=\"attachment-full size-full wp-image-5417\" alt=\"\" srcset=\"https:\/\/variace.kviff.com\/wp-content\/uploads\/2024\/10\/variace-detail-portret-irena-jakubcova.jpg 1600w, https:\/\/variace.kviff.com\/wp-content\/uploads\/2024\/10\/variace-detail-portret-irena-jakubcova-300x169.jpg 300w, https:\/\/variace.kviff.com\/wp-content\/uploads\/2024\/10\/variace-detail-portret-irena-jakubcova-1024x576.jpg 1024w, https:\/\/variace.kviff.com\/wp-content\/uploads\/2024\/10\/variace-detail-portret-irena-jakubcova-768x432.jpg 768w, https:\/\/variace.kviff.com\/wp-content\/uploads\/2024\/10\/variace-detail-portret-irena-jakubcova-1536x864.jpg 1536w\" sizes=\"(max-width: 1600px) 100vw, 1600px\" \/>\t\t\t\t\t\t\t\t\t\t\t\t\t\t\t<\/div>\n\t\t\t\t<\/div>\n\t\t\t\t<div class=\"elementor-element elementor-element-bfc73ba elementor-widget elementor-widget-text-editor\" data-id=\"bfc73ba\" data-element_type=\"widget\" data-e-type=\"widget\" data-widget_type=\"text-editor.default\">\n\t\t\t\t<div class=\"elementor-widget-container\">\n\t\t\t\t\t\t\t\t\t<p><span class=\"h2-small\">Irena Jakubcov\u00e1<\/span><\/p><h5><span style=\"font-weight: 400;\">Irena Jakubcov\u00e1 has been the Czech Philharmonic associate concertmaster since 2012. She was born to a family of musicians and started playing the violin at the age of five in the Karlovy Vary music school. Later on, she studied at the Pilsen Conservatory and graduated from the Academy of Performing Arts in Prague with a Master\u2019s degree in Ivan \u0160traus\u2019 class. As a soloist, she repeatedly performed with the Pilsen Philharmonic Orchestra and with the Czech Philharmonic in a concert celebrating 100 years since the birth of Czech composer V\u00edt\u011bzslava Kapr\u00e1lov\u00e1, conducted by Jakub Hr\u016f\u0161a. She joined the PKF \u2013 Prague Philharmonia in 2003, also performing as a soloist with the ensemble. She was a member of the Martin\u016f Quartet between 2007 and 2010, nowadays also plays in the Jan\u00e1\u010dek Trio and the Czech Philharmonic Sextet.<br \/><\/span><\/h5>\t\t\t\t\t\t\t\t<\/div>\n\t\t\t\t<\/div>\n\t\t\t\t\t<\/div>\n\t\t<\/div>\n\t\t\t\t\t<\/div>\n\t\t<\/section>\n\t\t\t\t<section class=\"elementor-section elementor-top-section elementor-element elementor-element-726650c elementor-section-boxed elementor-section-height-default elementor-section-height-default\" data-id=\"726650c\" data-element_type=\"section\" data-e-type=\"section\">\n\t\t\t\t\t\t<div class=\"elementor-container elementor-column-gap-default\">\n\t\t\t\t\t<div class=\"elementor-column elementor-col-100 elementor-top-column elementor-element elementor-element-b0fee17\" data-id=\"b0fee17\" data-element_type=\"column\" data-e-type=\"column\">\n\t\t\t<div class=\"elementor-widget-wrap elementor-element-populated\">\n\t\t\t\t\t\t<div class=\"elementor-element elementor-element-75a0bd6 elementor-widget elementor-widget-image\" data-id=\"75a0bd6\" data-element_type=\"widget\" data-e-type=\"widget\" data-widget_type=\"image.default\">\n\t\t\t\t<div class=\"elementor-widget-container\">\n\t\t\t\t\t\t\t\t\t\t\t\t\t\t\t<img loading=\"lazy\" decoding=\"async\" width=\"1600\" height=\"900\" src=\"https:\/\/variace.kviff.com\/wp-content\/uploads\/2024\/10\/variace-detail-portret-stanislav-masaryk.jpg\" class=\"attachment-full size-full wp-image-5415\" alt=\"\" srcset=\"https:\/\/variace.kviff.com\/wp-content\/uploads\/2024\/10\/variace-detail-portret-stanislav-masaryk.jpg 1600w, https:\/\/variace.kviff.com\/wp-content\/uploads\/2024\/10\/variace-detail-portret-stanislav-masaryk-300x169.jpg 300w, https:\/\/variace.kviff.com\/wp-content\/uploads\/2024\/10\/variace-detail-portret-stanislav-masaryk-1024x576.jpg 1024w, https:\/\/variace.kviff.com\/wp-content\/uploads\/2024\/10\/variace-detail-portret-stanislav-masaryk-768x432.jpg 768w, https:\/\/variace.kviff.com\/wp-content\/uploads\/2024\/10\/variace-detail-portret-stanislav-masaryk-1536x864.jpg 1536w\" sizes=\"(max-width: 1600px) 100vw, 1600px\" \/>\t\t\t\t\t\t\t\t\t\t\t\t\t\t\t<\/div>\n\t\t\t\t<\/div>\n\t\t\t\t<div class=\"elementor-element elementor-element-49d3711 elementor-widget elementor-widget-text-editor\" data-id=\"49d3711\" data-element_type=\"widget\" data-e-type=\"widget\" data-widget_type=\"text-editor.default\">\n\t\t\t\t<div class=\"elementor-widget-container\">\n\t\t\t\t\t\t\t\t\t<p><span class=\"h2-small\">Stanislav Masaryk<\/span><\/p>\n<h5><span style=\"font-weight: 400;\">Since September 2020 he has been a member of the Czech Philharmonic, where he holds the position of first trumpeter. He has also performed as a soloist with the Czech Philharmonic under the baton of principal guest conductor Tom\u00e1\u0161 Netopil and chief conductor Semyon Bychkov. As an exceptional student aged 13, he joined the class of JUDr. Michal Jano\u0161 at the Bratislava Conservatory and was enrolled there in the following year. He later continued at the Academy of Performing Arts in Bratislava. He was awarded the 1st prize and the title of the overall winner at the International Competition for Wind Instruments Brno 2017 among more than 60 trumpet players from the Visegrad Four countries. From 2009 to 2020 he was a member of the Bratislava Hot Serenaders hot-jazz orchestra, in 2012\u20132015, he was a member of the Slovak Radio Symphony Orchestra. From 2012 to 2019, he was the principal trumpeter of the Slovak National Theatre Opera Orchestra, with small breaks. In 2017 and 2018 he was the first trumpeter in the orchestra of the National Theatre Prague. During that time, he started regularly collaborating with the Czech Philharmonic.<\/span><\/h5>\t\t\t\t\t\t\t\t<\/div>\n\t\t\t\t<\/div>\n\t\t\t\t\t<\/div>\n\t\t<\/div>\n\t\t\t\t\t<\/div>\n\t\t<\/section>\n\t\t\t\t<section class=\"elementor-section elementor-top-section elementor-element elementor-element-bf1a853 elementor-section-boxed elementor-section-height-default elementor-section-height-default\" data-id=\"bf1a853\" data-element_type=\"section\" data-e-type=\"section\">\n\t\t\t\t\t\t<div class=\"elementor-container elementor-column-gap-default\">\n\t\t\t\t\t<div class=\"elementor-column elementor-col-100 elementor-top-column elementor-element elementor-element-88f70f9\" data-id=\"88f70f9\" data-element_type=\"column\" data-e-type=\"column\">\n\t\t\t<div class=\"elementor-widget-wrap elementor-element-populated\">\n\t\t\t\t\t\t<div class=\"elementor-element elementor-element-446e1f4 elementor-widget elementor-widget-button\" data-id=\"446e1f4\" data-element_type=\"widget\" data-e-type=\"widget\" data-widget_type=\"button.default\">\n\t\t\t\t<div class=\"elementor-widget-container\">\n\t\t\t\t\t\t\t\t\t<div class=\"elementor-button-wrapper\">\n\t\t\t\t\t<a class=\"elementor-button elementor-button-link elementor-size-md\" href=\"https:\/\/variace.kviff.com\/en\/en-2024\/#program\">\n\t\t\t\t\t\t<span class=\"elementor-button-content-wrapper\">\n\t\t\t\t\t\t\t\t\t<span class=\"elementor-button-text\">Back to program<\/span>\n\t\t\t\t\t<\/span>\n\t\t\t\t\t<\/a>\n\t\t\t\t<\/div>\n\t\t\t\t\t\t\t\t<\/div>\n\t\t\t\t<\/div>\n\t\t\t\t\t<\/div>\n\t\t<\/div>\n\t\t\t\t\t<\/div>\n\t\t<\/section>\n\t\t\t\t<\/div>","protected":false},"excerpt":{"rendered":"<p>Saturday, November 23 \/ 2:30pm \/ Thermal Spring Colonnade \/ Admission free<\/p>","protected":false},"author":1,"featured_media":5367,"parent":0,"menu_order":0,"comment_status":"closed","ping_status":"closed","template":"","meta":{"_seopress_robots_primary_cat":"","_seopress_titles_title":"Albinoni and Dvo\u0159\u00e1k at the Thermal Spring Colonnade","_seopress_titles_desc":"Saturday, November 23 \/ 2:30pm \/ Thermal Spring Colonnade \/ Admission free","_seopress_robots_index":"","footnotes":""},"class_list":["post-5808","page","type-page","status-publish","has-post-thumbnail","hentry"],"_links":{"self":[{"href":"https:\/\/variace.kviff.com\/en\/wp-json\/wp\/v2\/pages\/5808","targetHints":{"allow":["GET"]}}],"collection":[{"href":"https:\/\/variace.kviff.com\/en\/wp-json\/wp\/v2\/pages"}],"about":[{"href":"https:\/\/variace.kviff.com\/en\/wp-json\/wp\/v2\/types\/page"}],"author":[{"embeddable":true,"href":"https:\/\/variace.kviff.com\/en\/wp-json\/wp\/v2\/users\/1"}],"replies":[{"embeddable":true,"href":"https:\/\/variace.kviff.com\/en\/wp-json\/wp\/v2\/comments?post=5808"}],"version-history":[{"count":57,"href":"https:\/\/variace.kviff.com\/en\/wp-json\/wp\/v2\/pages\/5808\/revisions"}],"predecessor-version":[{"id":7604,"href":"https:\/\/variace.kviff.com\/en\/wp-json\/wp\/v2\/pages\/5808\/revisions\/7604"}],"wp:featuredmedia":[{"embeddable":true,"href":"https:\/\/variace.kviff.com\/en\/wp-json\/wp\/v2\/media\/5367"}],"wp:attachment":[{"href":"https:\/\/variace.kviff.com\/en\/wp-json\/wp\/v2\/media?parent=5808"}],"curies":[{"name":"wp","href":"https:\/\/api.w.org\/{rel}","templated":true}]}}